{"id":3182,"date":"2014-02-27T19:43:10","date_gmt":"2014-02-27T18:43:10","guid":{"rendered":"https:\/\/inclusioaltemporda.cat\/portal\/?page_id=3182"},"modified":"2017-06-23T13:10:11","modified_gmt":"2017-06-23T12:10:11","slug":"professionals","status":"publish","type":"page","link":"https:\/\/inclusioaltemporda.cat\/portal\/professionals\/","title":{"rendered":"Professionals \u00e0mbit social"},"content":{"rendered":"<div class=\"wpb-content-wrapper\"><p>[vc_row margin_top=&#8221;0&#8243; margin_bottom=&#8221;0&#8243; el_class=&#8221;tuets-interior&#8221;][vc_column][vc_column_text el_class=&#8221;tuets&#8221;]<\/p>\n<div class=\"frase\">Tu ets <i class=\"fa fa-arrow-circle-o-right\"><\/i><\/div>\n<p><a class=\"tipus tipus-1\" href=\"..\/ciutadania\/\">Ciutadania<\/a> <a class=\"tipus tipus-2 tipus-selected\" href=\"..\/professionals\/\">Professionals \u00e0mbit social<\/a> <a class=\"tipus tipus-3\" href=\"..\/estudiants\/\">Estudiants, escoles i Instituts<\/a> <a class=\"tipus tipus-4\" href=\"..\/entitats\/\">Entitats socials<\/a> <a class=\"tipus tipus-5\" href=\"..\/empreses\/\">Empreses<\/a> <a class=\"tipus tipus-6\" href=\"..\/administracions\/\">Administracions<\/a> <a class=\"tipus tipus-7\" href=\"..\/centres\/\">Centres de Recerca i Universitats<\/a> <a class=\"tipus tipus-8\" href=\"..\/comunicacio\/\">Mitjans de Comunicaci\u00f3<\/a>[\/vc_column_text][\/vc_column][\/vc_row][vc_row type=&#8221;vc_default&#8221; full_width=&#8221;stretch_row&#8221; margin_top=&#8221;0&#8243; margin_bottom=&#8221;0&#8243; el_class=&#8221;tuets-titol&#8221; css=&#8221;.vc_custom_1466622155385{margin-bottom: 0px !important;background-color: #f58025 !important;}&#8221;][vc_column][vc_column_text]<\/p>\n<h3>Professionals \u00c0mbit Social<\/h3>\n<p>[\/vc_column_text][\/vc_column][\/vc_row][vc_row type=&#8221;vc_default&#8221; full_width=&#8221;stretch_row&#8221; margin_top=&#8221;0&#8243; margin_bottom=&#8221;0&#8243; bg_color=&#8221;#f58025&#8243; el_class=&#8221;tuets-sub&#8221; font_color=&#8221;#000000&#8243; css=&#8221;.vc_custom_1466622213942{margin-bottom: 0px !important;padding-top: 25px !important;background-color: #f58025 !important;}&#8221;][vc_column width=&#8221;1\/6&#8243;][vc_column_text]<\/p>\n<p><a href=\"https:\/\/inclusioaltemporda.cat\/portal\/area-de-benestar\/\">\u00c0rea de Benestar<\/a><\/p>\n<p>[\/vc_column_text][\/vc_column][vc_column width=&#8221;1\/6&#8243;][vc_column_text]<\/p>\n<p><a href=\"https:\/\/inclusioaltemporda.cat\/portal\/observatori\/\">Observatori<\/a><\/p>\n<p>[\/vc_column_text][\/vc_column][vc_column width=&#8221;1\/6&#8243;][vc_column_text]<\/p>\n<p><a title=\"Publicacions\" href=\"https:\/\/inclusioaltemporda.cat\/portal\/publicacions\/\">Publicacions<\/a><\/p>\n<p>[\/vc_column_text][\/vc_column][vc_column width=&#8221;1\/6&#8243;][vc_column_text]<\/p>\n<p><a title=\"Projectes Internacionals\" href=\"https:\/\/inclusioaltemporda.cat\/portal\/cooperacio-transfronterera-3\/\">Cooperaci\u00f3 transfronterera<\/a><\/p>\n<p>[\/vc_column_text][\/vc_column][vc_column width=&#8221;1\/6&#8243;][vc_column_text]<a href=\"http:\/\/www.youtube.com\/channel\/UC7-X_ttmgQhYKlJ5qsf7dRw\" target=\"_blank\">V\u00eddeos<\/a>[\/vc_column_text][\/vc_column][\/vc_row][vc_row margin_top=&#8221;35px&#8221; margin_bottom=&#8221;0&#8243;][vc_column width=&#8221;1\/2&#8243;][vc_column_text]<a href=\"https:\/\/inclusioaltemporda.cat\/portal\/wp-content\/uploads\/opinio\u0301_professional.jpg\"><img loading=\"lazy\" decoding=\"async\" class=\"size-full wp-image-3762 alignnone\" src=\"https:\/\/inclusioaltemporda.cat\/portal\/wp-content\/uploads\/opinio\u0301_professional.jpg\" alt=\"opinio\u0301_professional\" width=\"284\" height=\"76\" \/><\/a><\/p>\n<h4>En aquest espai publiquem articles en qu\u00e8 donem a con\u00e8ixer iniciatives i experi\u00e8ncies d&#8217;intervenci\u00f3 dels nostres professionals amb la voluntat de compartir coneixement amb altres professionals del sector social.<\/h4>\n<p>[\/vc_column_text][\/vc_column][vc_column width=&#8221;1\/4&#8243;][vc_column_text]<\/p>\n<h3>Arxius<\/h3>\n<p><ul class=\"standard-arrow list-divider\"><li><p><a href=\"https:\/\/inclusioaltemporda.cat\/portal\/wp-content\/uploads\/Article-Laia-Albareda.pdf\">Aquest no \u00e9s l&#8217;espai Schengen que volem<\/a><\/p>\n<\/li><\/ul> <ul class=\"standard-arrow list-divider\"><li><p><a href=\"https:\/\/inclusioaltemporda.cat\/portal\/wp-content\/uploads\/marc\u03272014.pdf\">L&#8217;espai de formaci\u00f3 per a fam\u00edlies: reflexions des de la pr\u00e0ctica<\/a><\/p>\n<\/li><\/ul> <ul class=\"standard-arrow list-divider\"><li><p><a href=\"https:\/\/inclusioaltemporda.cat\/portal\/wp-content\/uploads\/La-supervisi\u00f3-professional-en-l\u00e0mbit-social.pdf\">La supervisi\u00f3 professional en l&#8217;\u00e0mbit social<\/a><\/p>\n<\/li><\/ul> <ul class=\"standard-arrow list-divider\"><li><p> <a href=\"https:\/\/inclusioaltemporda.cat\/portal\/wp-content\/uploads\/Jornada-Apoderament-i-Capacitaci\u00f3-Parental_19MAIG2014.pdf\">Materials 1a Jornada Apoderament i Capacitaci\u00f3 Parental (Figueres, 19 de maig 2014)<\/a> <\/p>\n<\/li><\/ul> <ul class=\"standard-arrow list-divider\"><li><p> <a href=\"https:\/\/inclusioaltemporda.cat\/portal\/wp-content\/uploads\/Les-relacions-maternofilials-en-families-que-han-patit-situacions-de-violencia.pdf\">Les relacions maternofilials en fam\u00edlies que han patit situacions de viol\u00e8ncia<\/a> <\/p>\n<\/li><\/ul> <ul class=\"standard-arrow list-divider\"><li><p> <a href=\"https:\/\/inclusioaltemporda.cat\/portal\/wp-content\/uploads\/EFF_Sessions-Professionals_nov14.pdf\">Espai de formaci\u00f3 per a fam\u00edlies: material de les sessions de formaci\u00f3 per a professionals<\/a><\/p>\n<\/li><\/ul> <ul class=\"standard-arrow list-divider\"><li><p> <a href=\"https:\/\/inclusioaltemporda.cat\/portal\/wp-content\/uploads\/Conflicte-i-intervencio_Dani-Sanchez.pdf\">Surfejar el conflicte<\/a><\/p>\n<\/li><li><p> <a href=\"https:\/\/inclusioaltemporda.cat\/portal\/wp-content\/uploads\/Experi\u00e8ncia-de-pr\u00e0ctiques-al-SBAS-de-Castell\u00f3-dEmp\u00faries_Antonela-Santill\u00e1n.pdf\">Experi\u00e8ncia de pr\u00e0ctiques al SBAS de Castell\u00f3 d&#8217;Emp\u00faries<\/a> <\/p>\n<\/li><\/ul>[\/vc_column_text][\/vc_column][vc_column width=&#8221;1\/4&#8243;][vc_row_inner][vc_column_inner]<div class=\"gap\" style=\"line-height: 50px; height: 50px;\"><\/div>[\/vc_column_inner][\/vc_row_inner][vc_column_text]<ul class=\"standard-arrow list-divider\"><li><p> <a href=\"https:\/\/inclusioaltemporda.cat\/portal\/wp-content\/uploads\/Detecci\u00f3-preco\u00e7-casos-transtorn-mental-des-de-serveis-socials.pdf\">Detecci\u00f3 preco\u00e7 dels casos de transtorn mental incipient des dels serveis socials b\u00e0sics<\/a> <\/p>\n<\/li><\/ul><ul class=\"standard-arrow list-divider\"><li><p> <a href=\"https:\/\/inclusioaltemporda.cat\/portal\/laccio-socioeductiva-en-lentorn-2-0\/?preview=true&amp;preview_id=5236&amp;preview_nonce=d3d983a9fa\" target=\"_blank\">L&#8217;acci\u00f3 socioeducativa en l&#8217;entorn 2.0<\/a> <\/p>\n<\/li><\/ul><ul class=\"standard-arrow list-divider\"><li><p> <a href=\"https:\/\/inclusioaltemporda.cat\/portal\/wp-content\/uploads\/Taller-T\u00e8cniques-de-Comunicaci\u00f3-Llan\u00e7\u00e0.pdf\">Taller de Comunicaci\u00f3 intergeneracional a l&#8217;Institut de Llan\u00e7\u00e0<\/a> <\/p>\n<\/li><\/ul> <ul class=\"standard-arrow list-divider\"><li><p> <a href=\"https:\/\/inclusioaltemporda.cat\/portal\/wp-content\/uploads\/396-hores-de-pr\u00e0ctiques-intenses-al-Pla-dInclusi\u00f3-de-lAlt-Empord\u00e0.pdf\">396 hores de pr\u00e0ctiques intenses al Pla d&#8217;Inclusi\u00f3<\/a> <\/p>\n<\/li><\/ul><ul class=\"standard-arrow list-divider\"><li><p> <a href=\"https:\/\/inclusioaltemporda.cat\/portal\/wp-content\/uploads\/Import\u00e0ncia-prevenci\u00f3-en-\u00e0mbit-inf\u00e0ncia_MeritxellPomes.pdf\">Import\u00e0ncia de la prevenci\u00f3 en l&#8217;\u00e0mbit de la inf\u00e0ncia<\/a><\/p>\n<\/li><\/ul><ul class=\"standard-arrow list-divider\"><li><p> <a href=\"https:\/\/inclusioaltemporda.cat\/portal\/wp-content\/uploads\/Article-Preservacio-Familiar.pdf\">Preservaci\u00f3 familiar: ampliant la mirada en la intervenci\u00f3 amb fam\u00edlies<\/a> <\/p>\n<\/li><\/ul><ul class=\"standard-arrow list-divider\"><li><p> <a href=\"https:\/\/inclusioaltemporda.cat\/portal\/wp-content\/uploads\/Materials-formaci\u00f3-Taula-2016.pdf\" target=\"_blank\">Materials de la jornada &#8220;Eines per a la gesti\u00f3 emocional d&#8217;equips i voluntariat&#8221;<\/a> <\/p>\n<\/li><\/ul>[\/vc_column_text][\/vc_column][\/vc_row]<\/p>\n<\/div>","protected":false},"excerpt":{"rendered":"<p>[vc_row margin_top=&#8221;0&#8243; margin_bottom=&#8221;0&#8243; el_class=&#8221;tuets-interior&#8221;][vc_column][vc_column_text el_class=&#8221;tuets&#8221;] Tu ets Ciutadania Professionals \u00e0mbit social Estudiants, escoles i Instituts Entitats socials Empreses Administracions Centres de Recerca i Universitats Mitjans de Comunicaci\u00f3[\/vc_column_text][\/vc_column][\/vc_row][vc_row type=&#8221;vc_default&#8221; full_width=&#8221;stretch_row&#8221; margin_top=&#8221;0&#8243;&hellip;<\/p>\n","protected":false},"author":2,"featured_media":0,"parent":0,"menu_order":0,"comment_status":"closed","ping_status":"closed","template":"","meta":{"footnotes":""},"class_list":["post-3182","page","type-page","status-publish","hentry","description-off"],"_links":{"self":[{"href":"https:\/\/inclusioaltemporda.cat\/portal\/wp-json\/wp\/v2\/pages\/3182","targetHints":{"allow":["GET"]}}],"collection":[{"href":"https:\/\/inclusioaltemporda.cat\/portal\/wp-json\/wp\/v2\/pages"}],"about":[{"href":"https:\/\/inclusioaltemporda.cat\/portal\/wp-json\/wp\/v2\/types\/page"}],"author":[{"embeddable":true,"href":"https:\/\/inclusioaltemporda.cat\/portal\/wp-json\/wp\/v2\/users\/2"}],"replies":[{"embeddable":true,"href":"https:\/\/inclusioaltemporda.cat\/portal\/wp-json\/wp\/v2\/comments?post=3182"}],"version-history":[{"count":86,"href":"https:\/\/inclusioaltemporda.cat\/portal\/wp-json\/wp\/v2\/pages\/3182\/revisions"}],"predecessor-version":[{"id":6039,"href":"https:\/\/inclusioaltemporda.cat\/portal\/wp-json\/wp\/v2\/pages\/3182\/revisions\/6039"}],"wp:attachment":[{"href":"https:\/\/inclusioaltemporda.cat\/portal\/wp-json\/wp\/v2\/media?parent=3182"}],"curies":[{"name":"wp","href":"https:\/\/api.w.org\/{rel}","templated":true}]}}