{"id":3725,"date":"2014-03-07T12:10:38","date_gmt":"2014-03-07T11:10:38","guid":{"rendered":"https:\/\/inclusioaltemporda.cat\/portal\/?page_id=3725"},"modified":"2026-01-19T15:03:07","modified_gmt":"2026-01-19T14:03:07","slug":"publicacions","status":"publish","type":"page","link":"https:\/\/inclusioaltemporda.cat\/portal\/publicacions\/","title":{"rendered":"Publicacions"},"content":{"rendered":"<div class=\"wpb-content-wrapper\"><p>[vc_row][vc_column][vc_column_text]<\/p>\n<h3>Publicacions<\/h3>\n<p>Des d&#8217;aqu\u00ed podeu accedir al conjunt de publicacions que elabora l&#8217;Observatori Social de l&#8217;Alt Empord\u00e0 aix\u00ed com a les publicacions que elaboren el conjunt de professionals de l&#8217;\u00c0rea de Benestar del Consell Comarcal en el marc dels diferents projectes de treball[\/vc_column_text][\/vc_column][\/vc_row][vc_row][vc_column width=&#8221;1\/2&#8243;][vc_column_text css=&#8221;&#8221;]<\/p>\n<h3>Observatori Social de l&#8217;Alt Empord\u00e0<\/h3>\n<p><strong>Pla per a la Inclusi\u00f3 i la Cohesi\u00f3 Social de l&#8217;Alt Empord\u00e0<\/strong><\/p>\n<ul>\n<li><a href=\"https:\/\/inclusioaltemporda.cat\/portal\/wp-content\/uploads\/PLA-INCLUSI\u00d3_Vdef.pdf\">Pla d&#8217;actuaci\u00f3 2017-2020<\/a><\/li>\n<\/ul>\n<p><strong>Diagn\u00f2stic Social de l&#8217;Alt Empord\u00e0<\/strong><\/p>\n<ul>\n<li><a href=\"https:\/\/inclusioaltemporda.cat\/portal\/wp-content\/uploads\/DIAGN\u00d2STIC-SOCIAL-ALT-EMPORD\u00c0-2017.pdf\" target=\"_blank\" rel=\"noopener\">Diagn\u00f2stic 2018<\/a><\/li>\n<li><a href=\"https:\/\/inclusioaltemporda.cat\/portal\/wp-content\/uploads\/DIAGNOSI_DEFINITIVA-2012.pdf\" target=\"_blank\" rel=\"noopener\">Diagnosi de l&#8217;exclusi\u00f3 social 2012<\/a><\/li>\n<\/ul>\n<p><strong>Mem\u00f2ria de l&#8217;\u00c0rea de Benestar<\/strong><\/p>\n<ul>\n<li><a href=\"https:\/\/inclusioaltemporda.cat\/portal\/wp-content\/uploads\/MEM\u00d2RIA-SERVEIS-SOCIALS.pdf\">Mem\u00f2ria 2012<\/a><\/li>\n<li><a href=\"http:\/\/www.altemporda.org\/portal\/attachments\/article\/1481\/BENESTAR%20SOCIAL%20MEMORIA.pdf\" target=\"_blank\" rel=\"noopener\">Mem\u00f2ria 2013<\/a><\/li>\n<li><a href=\"http:\/\/www.altemporda.org\/portal\/attachments\/article\/1935\/MEMORIA%20BENESTAR%20SOCIAL%202014.pdf\" target=\"_blank\" rel=\"noopener\">Mem\u00f2ria 2014<\/a><\/li>\n<li><a href=\"http:\/\/www.altemporda.org\/portal\/attachments\/article\/2351\/MEM%C3%92RIA%20BENESTAR%20CCAE%202015.pdf\" target=\"_blank\" rel=\"noopener\">Mem\u00f2ria 2015<\/a><\/li>\n<li><a href=\"https:\/\/inclusioaltemporda.cat\/portal\/wp-content\/uploads\/Mem%C3%B2ria-2016_Benestar-social.pdf\" target=\"_blank\" rel=\"noopener\">Mem\u00f2ria 2016<\/a><\/li>\n<li><a href=\"https:\/\/inclusioaltemporda.cat\/portal\/wp-content\/uploads\/Mem\u00f2ria-2017.pdf\" target=\"_blank\" rel=\"noopener\">Mem\u00f2ria 2017<\/a><\/li>\n<li><a href=\"https:\/\/inclusioaltemporda.cat\/portal\/wp-content\/uploads\/Mem\u00f2ria-18_Benestar-social.pdf\" target=\"_blank\" rel=\"noopener\">Mem\u00f2ria 2018<\/a> i\u00a0<a href=\"https:\/\/inclusioaltemporda.cat\/portal\/infografies-memoria-de-larea-de-benestar-2018\/\" target=\"_blank\" rel=\"noopener\">Infografies Mem\u00f2ria 2018<\/a><\/li>\n<li><a href=\"https:\/\/inclusioaltemporda.cat\/portal\/wp-content\/uploads\/Mem\u00f2ria-2019_Benestar-social.pdf\" target=\"_blank\" rel=\"noopener\">Mem\u00f2ria 2019<\/a><\/li>\n<li><a href=\"https:\/\/inclusioaltemporda.cat\/portal\/wp-content\/uploads\/Mem\u00f2ria-2020_Benestar-social.pdf\" target=\"_blank\" rel=\"noopener\">Mem\u00f2ria 2020<\/a> i\u00a0<a href=\"https:\/\/inclusioaltemporda.cat\/portal\/wp-content\/uploads\/INFOGRAFIES-MEM\u00d2RIA-\u00c0REA-BENESTAR-2020.pdf\" target=\"_blank\" rel=\"noopener\">Infografies Mem\u00f2ria 2020<\/a><\/li>\n<li><a href=\"https:\/\/inclusioaltemporda.cat\/portal\/wp-content\/uploads\/Memoria-2021_Benestar-social.pdf\" target=\"_blank\" rel=\"noopener\">Mem\u00f2ria 2021<\/a> i <a href=\"https:\/\/inclusioaltemporda.cat\/portal\/wp-content\/uploads\/MEMORIA-AREA-BENESTAR-DEF.pdf\" target=\"_blank\" rel=\"noopener\">Infografies Mem\u00f2ria 2021<\/a><\/li>\n<li><a href=\"https:\/\/inclusioaltemporda.cat\/portal\/wp-content\/uploads\/Memoria-2022_area-Benestar.pdf\" target=\"_blank\" rel=\"noopener\">Mem\u00f2ria 2022<\/a> i\u00a0<a href=\"https:\/\/inclusioaltemporda.cat\/portal\/wp-content\/uploads\/INFOGRAFIES-2022.pdf\" target=\"_blank\" rel=\"noopener\">Infografies Mem\u00f2ria 2022<\/a><\/li>\n<li><a href=\"https:\/\/inclusioaltemporda.cat\/portal\/wp-content\/uploads\/Memoria-2023_area-Benestar.pdf\" target=\"_blank\" rel=\"noopener\">Mem\u00f2ria 2023<\/a> i <a href=\"https:\/\/inclusioaltemporda.cat\/portal\/wp-content\/uploads\/INFOGRAFIES-AREA-BENESTAR-2023.pdf\" target=\"_blank\" rel=\"noopener\">Infografies Mem\u00f2ria 2023<\/a><\/li>\n<li><a href=\"https:\/\/inclusioaltemporda.cat\/portal\/wp-content\/uploads\/Memoria-2024_area-Benestar.pdf\" target=\"_blank\" rel=\"noopener\">Mem\u00f2ria 2024<\/a> i <a href=\"https:\/\/inclusioaltemporda.cat\/portal\/wp-content\/uploads\/Infografia-Area-Benestar-2024.pdf\" target=\"_blank\" rel=\"noopener\">Infografies Mem\u00f2ria 2024<\/a><\/li>\n<\/ul>\n<p><strong>Informe social de la comarca<br \/>\n<\/strong><\/p>\n<ul>\n<li><a href=\"https:\/\/inclusioaltemporda.cat\/portal\/wp-content\/uploads\/Informe-social-1_2012.pdf\" target=\"_blank\" rel=\"noopener\">Informe social_1r Semestre de 2012<\/a><\/li>\n<li><a href=\"https:\/\/inclusioaltemporda.cat\/portal\/wp-content\/uploads\/Informe-social-2_2012.pdf\">Informe Social 2012<\/a><\/li>\n<li><a href=\"https:\/\/inclusioaltemporda.cat\/portal\/wp-content\/uploads\/Informe-social-2013.pdf\">Informe Social 2013<\/a><\/li>\n<li><a href=\"https:\/\/inclusioaltemporda.cat\/portal\/wp-content\/uploads\/Informe-social-20141.pdf\">Informe Social 2014<\/a><\/li>\n<li><a href=\"https:\/\/inclusioaltemporda.cat\/portal\/wp-content\/uploads\/Informe-social-2016.pdf\" target=\"_blank\" rel=\"noopener\">Informe Social 2016<\/a><\/li>\n<\/ul>\n<p><strong>Informe estad\u00edstic poblaci\u00f3 estrangera<\/strong><\/p>\n<ul>\n<li><a href=\"https:\/\/inclusioaltemporda.cat\/portal\/wp-content\/uploads\/Informe-estad\u00edstic-2013-vdef.pdf\" target=\"_blank\" rel=\"noopener\">Informe estad\u00edstic poblaci\u00f3 estrangera 2013<\/a><\/li>\n<li><a href=\"https:\/\/inclusioaltemporda.cat\/portal\/wp-content\/uploads\/Informe-estad\u00edstic-vdef_20141.pdf\" target=\"_blank\" rel=\"noopener\">Informe estad\u00edstic poblaci\u00f3 estrangera 2014<\/a><\/li>\n<li><a href=\"https:\/\/inclusioaltemporda.cat\/portal\/wp-content\/uploads\/Informe-poblaci\u00f3-estrangera-AE.pdf\" target=\"_blank\" rel=\"noopener\">Informe estad\u00edstic poblaci\u00f3 estrangera 2017<\/a><\/li>\n<\/ul>\n<p><strong>Programa Habiba-Dones i Salut Comunit\u00e0ria a l&#8217;Alt Empord\u00e0<\/strong><\/p>\n<ul>\n<li><a href=\"https:\/\/inclusioaltemporda.cat\/portal\/wp-content\/uploads\/Habiba_Doc_web.pdf\" target=\"_blank\" rel=\"noopener\">Diagn\u00f2stic de salut comunit\u00e0ria de Sant Pere Pescador (2021)<\/a><\/li>\n<\/ul>\n<p><strong>+60 Alt Empord\u00e0. Propostes per a un envelliment actiu\u00a0<\/strong><\/p>\n<ul>\n<li><a href=\"https:\/\/inclusioaltemporda.cat\/portal\/wp-content\/uploads\/Envelliment_Inf-recerca.pdf\" target=\"_blank\" rel=\"noopener\">Recerca &#8220;Fer-se gran a l&#8217;Alt Empord\u00e0-Informe de recerca<\/a><\/li>\n<li><a href=\"https:\/\/inclusioaltemporda.cat\/portal\/wp-content\/uploads\/Envelliment_Res-exec.pdf\" target=\"_blank\" rel=\"noopener\">Recerca &#8220;Fer-se gran a l&#8217;Alt Empord\u00e0-Resum executiu<\/a><\/li>\n<\/ul>\n<p><strong>Altres documents<\/strong><\/p>\n<ul>\n<li><a href=\"https:\/\/inclusioaltemporda.cat\/portal\/wp-content\/uploads\/Informe-necessitats-gent-gran-i-Casals.pdf\">(2013) Informe Necessitats Gent Gran i Casals Alt Empord\u00e0<\/a><\/li>\n<\/ul>\n<p>&nbsp;<\/p>\n<h3>Comit\u00e8 d&#8217;\u00e8tica aplicada de l&#8217;\u00e0rea de Benestar<\/h3>\n<ul>\n<li><a href=\"https:\/\/inclusioaltemporda.cat\/portal\/wp-content\/uploads\/Rertorn-pais-origen.pdf\" target=\"_blank\" rel=\"noopener\">Immigraci\u00f3 i retorn al pa\u00eds d\u2019origen: cal donar l\u2019opini\u00f3 professionals a les persones ateses?<\/a><\/li>\n<li><a href=\"https:\/\/inclusioaltemporda.cat\/portal\/wp-content\/uploads\/2-CAPACITAT-PARENTAL-I-DISCAPACITAT-INTEL%C2%B7LECTUAL.pdf\" target=\"_blank\" rel=\"noopener\">Capacitat parental i discapacitat intel\u00b7lectuals. La separaci\u00f3 d\u2019infants del seu nucli familiar. deguda a dificultats en l\u2019exercici de les funcions parentals i per manca del suport necessari per garantir el benestar de l\u2019infant.<\/a><\/li>\n<li><a href=\"https:\/\/inclusioaltemporda.cat\/portal\/wp-content\/uploads\/3-MODEL-CDA-1.pdf\" target=\"_blank\" rel=\"noopener\">Els Centres de Distribuci\u00f3 d\u2019Aliments: un model a transformar?<\/a><\/li>\n<li><a href=\"https:\/\/inclusioaltemporda.cat\/portal\/wp-content\/uploads\/4-TRACTAMENT-DADES-CONFIDENCIALS.pdf\" target=\"_blank\" rel=\"noopener\">La cust\u00f2dia de les dades personals en l\u2019\u00e0mbit dels Serveis Socials.<\/a><\/li>\n<li><a href=\"https:\/\/inclusioaltemporda.cat\/portal\/wp-content\/uploads\/5-PROTOCOL-BP-RECOLLIDA-TRASPAS-I-GUARDA-DADES.pdf\" target=\"_blank\" rel=\"noopener\">Protocol de bones pr\u00e0ctiques per a l\u2019obtenci\u00f3, trasp\u00e0s i guarda de dades personals.<\/a><\/li>\n<li><a href=\"https:\/\/inclusioaltemporda.cat\/portal\/wp-content\/uploads\/6-ACOMPANYAMENT-SOCIAL-ENTORNS-PROSTITUCIO.pdf\" target=\"_blank\" rel=\"noopener\">L\u2019acompanyament social en entorns de prostituci\u00f3 a l\u2019Alt Empord\u00e0.<\/a><\/li>\n<li><a href=\"https:\/\/inclusioaltemporda.cat\/portal\/wp-content\/uploads\/7-COMITE-DETICA-ESCOLARITZACIO-A-CASA-1.pdf\" target=\"_blank\" rel=\"noopener\">El rol dels serveis socials b\u00e0sics en casos d\u2019escolaritzaci\u00f3 a casa.<\/a><\/li>\n<\/ul>\n<p>[\/vc_column_text][\/vc_column][vc_column width=&#8221;1\/2&#8243;][vc_column_text]<\/p>\n<h3>Projectes Transfronterers<\/h3>\n<p><strong>PROSPECTSASO \u2013 Prospectiva transfronterera sanit\u00e0ria i social<\/strong><\/p>\n<p>2021 &#8211; Resultats, aprenentatges i coneixements<\/p>\n<ul>\n<li><a href=\"https:\/\/inclusioaltemporda.cat\/portal\/wp-content\/uploads\/Doc_CAT_baixa_pag.pdf\" target=\"_blank\" rel=\"noopener\">Versi\u00f3 en catal\u00e0<\/a><\/li>\n<li><a href=\"https:\/\/inclusioaltemporda.cat\/portal\/wp-content\/uploads\/Doc_FR_baixa_pag.pdf\" target=\"_blank\" rel=\"noopener\">Version en fran\u00e7ais<\/a><\/li>\n<\/ul>\n<p>2019 &#8211; Guia transfronterera de prevenci\u00f3 de maltractaments a les persones grans \/ Guide transfrontalier sur la pr\u00e9vention de la maltraitance des personnes \u00e2g\u00e9es<\/p>\n<ul>\n<li><a href=\"https:\/\/inclusioaltemporda.cat\/portal\/wp-content\/uploads\/GUIAcat.pdf\" target=\"_blank\" rel=\"noopener\">Versi\u00f3 en catal\u00e0<\/a><\/li>\n<li><a href=\"https:\/\/inclusioaltemporda.cat\/portal\/wp-content\/uploads\/GUIAfr.pdf\" target=\"_blank\" rel=\"noopener\">Version en fran\u00e7ais<\/a><\/li>\n<\/ul>\n<p>2019 &#8211; Compartir i innovar per acompanyar millor les fam\u00edlies en situaci\u00f3 de vulnerabilitat &#8211; Recull transfronterer de bones pr\u00e0ctiques \/ Partager et innover pour mieux accompagner les familles en protection de l&#8217;enfance &#8211; Recueil transfrontalier de bonnes pratiques<\/p>\n<ul>\n<li><a href=\"https:\/\/inclusioaltemporda.cat\/portal\/wp-content\/uploads\/Doc_IRTS_CAT_ok_pag.pdf\" target=\"_blank\" rel=\"noopener\">Versi\u00f3 en catal\u00e0<\/a><\/li>\n<li><a href=\"https:\/\/inclusioaltemporda.cat\/portal\/wp-content\/uploads\/Doc_IRTS_FR_ok_pag.pdf\" target=\"_blank\" rel=\"noopener\">Version en fran\u00e7ais<\/a><\/li>\n<\/ul>\n<p>2019 &#8211; Guia de recursos per a professionals de l&#8217;acollida de les persones migrants en l&#8217;espai catal\u00e0 transfronterer \/ Guide de ressources pour professionels de l&#8217;accueil de personnes migrantes au sein de l&#8217;espace catalan transfrontalier<\/p>\n<ul>\n<li><a href=\"https:\/\/inclusioaltemporda.cat\/portal\/wp-content\/uploads\/guia_acollida_CAT_pag.pdf\" target=\"_blank\" rel=\"noopener\">Versi\u00f3 en catal\u00e0<\/a><\/li>\n<li><a href=\"https:\/\/inclusioaltemporda.cat\/portal\/wp-content\/uploads\/guia_acollida_FR_pag.pdf\" target=\"_blank\" rel=\"noopener\">Version en fran\u00e7ais<\/a><\/li>\n<\/ul>\n<p>2017 &#8211; Mirades sobre l&#8217;acollida de persones migrants: models i experi\u00e8ncies de treball a l&#8217;Alt Empord\u00e0 i els Pirineus Orientals \/\u00a0Regards sur l&#8217;acceueil des migrants: mod\u00e8les et exp\u00e9riences de travail dans l&#8217;Alt Empord\u00e0 et les Pyr\u00e9n\u00e9es-Orientales<\/p>\n<ul>\n<li><a href=\"https:\/\/inclusioaltemporda.cat\/portal\/wp-content\/uploads\/Prospectsaso_CAT_v2.pdf\" target=\"_blank\" rel=\"noopener\">Versi\u00f3 en catal\u00e0<\/a><\/li>\n<li><a href=\"https:\/\/inclusioaltemporda.cat\/portal\/wp-content\/uploads\/Prospectsaso_FR_v2.pdf\" target=\"_blank\" rel=\"noopener\">Version en fran\u00e7ais<\/a><\/li>\n<\/ul>\n<p><strong>Microprojecte transfronterer 2015-16: Diagn\u00f2stic Social de l&#8217;Espai Catal\u00e0 Transfronterer<\/strong><\/p>\n<ul>\n<li><a href=\"https:\/\/inclusioaltemporda.cat\/portal\/wp-content\/uploads\/DIAGN\u00d2STIC-SOCIAL-DE-LESPAI-CATAL\u00c0-TRANSFRONTERER-1.pdf\">Versi\u00f3 en catal\u00e0<\/a><\/li>\n<li><a href=\"https:\/\/inclusioaltemporda.cat\/portal\/wp-content\/uploads\/DIAGNOSTIC-SOCIAL-DANS-LESPACE-CATALAN-TRANSFRONTALIER-1.pdf\">Version en fran\u00e7ais<\/a><\/li>\n<\/ul>\n<p><strong>Microprojecte transfronterer 2016-17: Bones Pr\u00e0ctiques en capacitaci\u00f3 parental per a fam\u00edlies en risc d\u2019exclusi\u00f3 social a l\u2019espai catal\u00e0 transfronterer<\/strong><\/p>\n<ul>\n<li><a href=\"https:\/\/inclusioaltemporda.cat\/portal\/wp-content\/uploads\/Projecte_transfronterer_v3.pdf\" target=\"_blank\" rel=\"noopener\">Document de s\u00edntesi (versi\u00f3 en catal\u00e0)<\/a><\/li>\n<li><a href=\"https:\/\/inclusioaltemporda.cat\/portal\/wp-content\/uploads\/Projecte_transfronterer_FR_3.pdf\" target=\"_blank\" rel=\"noopener\">Document du synth\u00e8se du travail (version en fan\u00e7ais)<\/a><\/li>\n<\/ul>\n<p><strong>Microprojecte transfronterer 2017-18: Propostes per millorar la governan\u00e7a a l&#8217;Espai Catal\u00e0 Transfronterer<\/strong><\/p>\n<ul>\n<li><a href=\"https:\/\/inclusioaltemporda.cat\/portal\/wp-content\/uploads\/LA-PARTICIPACI\u00d3-CIUTADANA-A-LESPAI-CATAL\u00c0-TRANSFRONTERER.pdf\" target=\"_blank\" rel=\"noopener\">Document de s\u00edntesi (versi\u00f3 catal\u00e0)<\/a><\/li>\n<li><a href=\"https:\/\/inclusioaltemporda.cat\/portal\/wp-content\/uploads\/LA-PARTICIPATION-CITOYENNE-DANS-LESPACE-CATALAN-TRANSFRONTALIER.pdf\">Document du synth\u00e8se du travail (version en fran\u00e7ais)<\/a><\/li>\n<\/ul>\n<p><strong>Microprojecte transfronterer 2018-19: Activa la participaci\u00f3 ciutadana<\/strong><\/p>\n<ul>\n<li><a href=\"https:\/\/inclusioaltemporda.cat\/portal\/wp-content\/uploads\/Activa_paticipaci\u00f3_CAT_p\u00e0g-1.pdf\" target=\"_blank\" rel=\"noopener\">Document de s\u00edntesi (versi\u00f3 catal\u00e0)<\/a><\/li>\n<li><a href=\"https:\/\/inclusioaltemporda.cat\/portal\/wp-content\/uploads\/Concerta_Bo\u00eete_pag-1.pdf\">Document du synth\u00e8se du travail (version en fran\u00e7ais)<\/a><\/li>\n<\/ul>\n<p><strong>Microprojecte transfronterer 2021: Xarxa de treball transfronterera per acollir i acompanyar dones migrades a l\u2019Espai Catal\u00e0 Transfronterer<\/strong><\/p>\n<ul>\n<li><a href=\"https:\/\/inclusioaltemporda.cat\/portal\/wp-content\/uploads\/DOCUMENT-FINAL-CAT.pdf\" target=\"_blank\" rel=\"noopener\">Document de diagn\u00f2stic (versi\u00f3 catal\u00e0)<\/a><\/li>\n<li><a href=\"https:\/\/inclusioaltemporda.cat\/portal\/wp-content\/uploads\/DOCUMENT-FINAL-FR.pdf\">Document de diagnostic (version en fran\u00e7ais)<\/a><\/li>\n<\/ul>\n<p><strong>Microprojecte transfronterer 2023: <b>Propostes per a millorar les pol\u00edtiques d&#8217;alfabetitzaci\u00f3 de persones adultes a l&#8217;Espai catal\u00e0 Transfronterer<\/b><\/strong><\/p>\n<ul>\n<li><a href=\"https:\/\/inclusioaltemporda.cat\/portal\/wp-content\/uploads\/SintesiEurodistricte23CAT.pdf\" target=\"_blank\" rel=\"noopener\">Document de s\u00edntesi (versi\u00f3 catal\u00e0)<\/a><\/li>\n<li><a href=\"https:\/\/inclusioaltemporda.cat\/portal\/wp-content\/uploads\/SintesiEurodistricte23FR.pdf\">Document du synth\u00e8se du travail (version en fran\u00e7ais)<\/a><\/li>\n<\/ul>\n<h3><\/h3>\n<h3>Projectes Europeus<\/h3>\n<p><strong>Labour Plus<\/strong><\/p>\n<ul>\n<li><a href=\"http:\/\/issuu.com\/aempordainlou\/docs\/definitiu_juliol_2014_2?e=12643291\/8552938\">(2014) Mirades plurals. La gesti\u00f3 de la diversitat a l&#8217;Alt Empord\u00e0<\/a><\/li>\n<li><a href=\"https:\/\/inclusioaltemporda.cat\/portal\/wp-content\/uploads\/GAP_CAT.pdf\" target=\"_blank\" rel=\"noopener\">(2014) GAP! &#8211; Give me an Opportunity! Disseny d&#8217;un recurs socioeducatiu per refor\u00e7ar les habilitats dels i les joves per al mercat de treball<\/a><\/li>\n<li>\n<div><a href=\"https:\/\/inclusioaltemporda.cat\/portal\/wp-content\/uploads\/Labour_Plus_Policy_Recommendations_Guide_short.pdf\" target=\"_blank\" rel=\"noopener\">(2014) Policy Recommendations and Guidelines for Inclusive and Sustainable Strategies\u00a0 and Employment Policies regarding Migrant and Roma Populations (short version)<\/a><\/div>\n<\/li>\n<li><a href=\"https:\/\/inclusioaltemporda.cat\/portal\/wp-content\/uploads\/Labour_Plus_Policy_Recommendations_Guide_long.pdf\" target=\"_blank\" rel=\"noopener\">(2014) Policy Recommendations and Guidelines for Inclusive and Sustainable Strategies\u00a0 and Employment Policies regarding Migrant and Roma Populations (long version)<\/a><\/li>\n<\/ul>\n<p>[\/vc_column_text][\/vc_column][\/vc_row]<\/p>\n<\/div>","protected":false},"excerpt":{"rendered":"<p>[vc_row][vc_column][vc_column_text] Publicacions Des d&#8217;aqu\u00ed podeu accedir al conjunt de publicacions que elabora l&#8217;Observatori Social de l&#8217;Alt Empord\u00e0 aix\u00ed com a les publicacions que elaboren el conjunt de professionals de l&#8217;\u00c0rea&hellip;<\/p>\n","protected":false},"author":2,"featured_media":0,"parent":0,"menu_order":0,"comment_status":"closed","ping_status":"closed","template":"","meta":{"footnotes":""},"class_list":["post-3725","page","type-page","status-publish","hentry","description-off"],"_links":{"self":[{"href":"https:\/\/inclusioaltemporda.cat\/portal\/wp-json\/wp\/v2\/pages\/3725","targetHints":{"allow":["GET"]}}],"collection":[{"href":"https:\/\/inclusioaltemporda.cat\/portal\/wp-json\/wp\/v2\/pages"}],"about":[{"href":"https:\/\/inclusioaltemporda.cat\/portal\/wp-json\/wp\/v2\/types\/page"}],"author":[{"embeddable":true,"href":"https:\/\/inclusioaltemporda.cat\/portal\/wp-json\/wp\/v2\/users\/2"}],"replies":[{"embeddable":true,"href":"https:\/\/inclusioaltemporda.cat\/portal\/wp-json\/wp\/v2\/comments?post=3725"}],"version-history":[{"count":62,"href":"https:\/\/inclusioaltemporda.cat\/portal\/wp-json\/wp\/v2\/pages\/3725\/revisions"}],"predecessor-version":[{"id":8833,"href":"https:\/\/inclusioaltemporda.cat\/portal\/wp-json\/wp\/v2\/pages\/3725\/revisions\/8833"}],"wp:attachment":[{"href":"https:\/\/inclusioaltemporda.cat\/portal\/wp-json\/wp\/v2\/media?parent=3725"}],"curies":[{"name":"wp","href":"https:\/\/api.w.org\/{rel}","templated":true}]}}