{"id":44,"date":"2014-02-19T18:12:05","date_gmt":"2014-02-19T18:12:05","guid":{"rendered":"http:\/\/localhost\/wordpress\/?page_id=44"},"modified":"2020-11-05T19:13:39","modified_gmt":"2020-11-05T18:13:39","slug":"observatori","status":"publish","type":"page","link":"https:\/\/inclusioaltemporda.cat\/portal\/observatori\/","title":{"rendered":"Observatori"},"content":{"rendered":"<div class=\"wpb-content-wrapper\"><p>[vc_row][vc_column width=&#8221;1\/2&#8243;][vc_column_text]<\/p>\n<h3 style=\"color: #333!important;\">Observatori Social de l&#8217;Alt Empord\u00e0<\/h3>\n<p><a href=\"https:\/\/inclusioaltemporda.cat\/portal\/wp-content\/uploads\/image_observatori.jpg\"><img loading=\"lazy\" decoding=\"async\" class=\"size-full wp-image-3216 alignleft\" style=\"border: 2px solid white;\" src=\"https:\/\/inclusioaltemporda.cat\/portal\/wp-content\/uploads\/image_observatori.jpg\" alt=\"imatge Observatori\" width=\"111\" height=\"149\" \/><\/a><\/p>\n<p style=\"color: #333!important;\">L&#8217;Observatori Social de l&#8217;Alt Empord\u00e0 \u00e9s un ens dedicat a l&#8217;an\u00e0lisi i informaci\u00f3 de la realitat social de la comarca gestionat per l&#8217;Equip\u00a0d&#8217;Inclusi\u00f3 de l&#8217;\u00c0rea de Benestar del Consell Comarcal.<span style=\"color: #ffffff;\">.<\/span><\/p>\n<p style=\"color: #333!important;\">L&#8217;observatori compta amb l&#8217;Espai Lab Social un espai de treball, an\u00e0lisi i experimentaci\u00f3\u00a0orientat a la innovaci\u00f3 social i a la recerca de solucions per als reptes que t\u00e9 plantejats la comarca.<\/p>\n<p>&nbsp;<\/p>\n<h3 style=\"color: #336633;\">L&#8217;Observatori<\/h3>\n<ol>\n<li>Facilita informaci\u00f3 peri\u00f2dica sobre les problem\u00e0tiques socials existents a la comarca, els perfils i grups de poblaci\u00f3 en risc, els factors de risc i exclusi\u00f3 social\u00a0i el conjunt de recursos inclusius que gestionen els diferents agents en el territori.<\/li>\n<li>Ofereix una\u00a0selecci\u00f3 de\u00a050 indicadors dels \u00e0mbits d&#8217;exclusi\u00f3 social que permetin fer un seguiment anual.<\/li>\n<li>Ofereix als\u00a0agents locals\u00a0informaci\u00f3 estad\u00edstica i an\u00e0lisi\u00a0 orientada a planificar serveis, projectes i actuacions\u00a0de forma m\u00e9s estrat\u00e8gica i eficient, per activar els recursos i garantir\u00a0la inclusi\u00f3 social de la poblaci\u00f3 m\u00e9s vulnerable.<\/li>\n<li>Elabora estudis ad hoc i an\u00e0lisi aplicada vinculada a projectes i accions d&#8217;inclusi\u00f3 social en curs a la comarca.<\/li>\n<\/ol>\n<h3>L&#8217;Espai Lab Social<\/h3>\n<p align=\"JUSTIFY\">L&#8217;Espai Lab Social es posa en marxa per generar processos de treball amb els agents que treballen per millorar la intervenci\u00f3 social i les accions d&#8217;inclusi\u00f3 social a la comarca.<\/p>\n<p align=\"JUSTIFY\">Pensat com a espai d&#8217;experimentaci\u00f3 i amb voluntat de transformaci\u00f3 social, vol fer emergir idees i processos d&#8217;innovaci\u00f3 social per generar solucions a problem\u00e0tiques i reptes que t\u00e9 plantejats la comarca.<\/p>\n<p align=\"JUSTIFY\">L&#8217;activitat del laboratori s&#8217;orienta a promoure recerca-acci\u00f3, a la creaci\u00f3 d&#8217;idees i a l&#8217;an\u00e0lisi per introduir noves metodologies de treball que reforcin les pol\u00edtiques p\u00fabliques, els programes i les accions socials a la comarca.<\/p>\n<p align=\"JUSTIFY\">Mitjan\u00e7ant la creaci\u00f3 de plataformes de treball i processos de participaci\u00f3 ciutadana posa en el centre de la seva activitat l&#8217;experi\u00e8ncia i el coneixement quotidi\u00e0 que tenen les persones receptores de programes socials i usu\u00e0ries dels serveis, per reflexionar i proposar canvis en l&#8217;acci\u00f3 p\u00fablica que millorin les condicions de vida de la ciutadania.<\/p>\n<p align=\"JUSTIFY\">Els processos de treball i les propostes que genera l&#8217;espai Lab Social acompanyen la presa de decisions i el disseny i avaluaci\u00f3 d&#8217;intervencions en el territori. Aquest treball es porta a terme des de la l\u00f2gica dels b\u00e9ns comuns i amb la voluntat de refor\u00e7ar i empoderar les comunitats i els ciutadans i les ciutadanes de la comarca.<\/p>\n<p>[\/vc_column_text][\/vc_column][vc_column width=&#8221;1\/2&#8243;][vc_column_text]<\/p>\n<h3>Banc d&#8217;experi\u00e8ncies de participaci\u00f3 ciutadana de l&#8217;Espai Catal\u00e0 Transfronterer<\/h3>\n<p><a href=\"https:\/\/inclusioaltemporda.cat\/portal\/banc-dexperiencies-participacio-ciutadana\/\"><img loading=\"lazy\" decoding=\"async\" class=\"aligncenter wp-image-7224 size-medium\" src=\"https:\/\/inclusioaltemporda.cat\/portal\/wp-content\/uploads\/DIBUIX-PORTADA-300x133.jpg\" alt=\"\" width=\"300\" height=\"133\" srcset=\"https:\/\/inclusioaltemporda.cat\/portal\/wp-content\/uploads\/DIBUIX-PORTADA-300x133.jpg 300w, https:\/\/inclusioaltemporda.cat\/portal\/wp-content\/uploads\/DIBUIX-PORTADA-768x341.jpg 768w, https:\/\/inclusioaltemporda.cat\/portal\/wp-content\/uploads\/DIBUIX-PORTADA-1024x455.jpg 1024w\" sizes=\"auto, (max-width: 300px) 100vw, 300px\" \/><\/a>[\/vc_column_text][vc_empty_space height=&#8221;45px&#8221;][vc_column_text]<\/p>\n<h3 style=\"color: #4b7532;\">El diagn\u00f2stic social de l&#8217;Alt Empord\u00e0 en 50 indicadors<\/h3>\n<p><strong>Poblaci\u00f3 i territori<\/strong><\/p>\n<p>1) <a href=\"https:\/\/inclusioaltemporda.cat\/portal\/wp-content\/uploads\/1_Poblaci\u00f3-de-lAlt-Empord\u00e0-per-sexe.pdf\" target=\"_blank\" rel=\"noopener\">Poblaci\u00f3 de l&#8217;Alt Empord\u00e0 per sexe<\/a><\/p>\n<p>2) <a href=\"https:\/\/inclusioaltemporda.cat\/portal\/wp-content\/uploads\/2_Naixaments-per-edat-de-la-mare.pdf\" target=\"_blank\" rel=\"noopener\">Naixements per edat de la mare a l&#8217;Alt Empord\u00e0<\/a><\/p>\n<p>3) <a href=\"https:\/\/inclusioaltemporda.cat\/portal\/wp-content\/uploads\/3_Taxa-poblaci\u00f3-estrangera-Alt-Empord\u00e0.pdf\" target=\"_blank\" rel=\"noopener\">Taxa de poblaci\u00f3 estrangera de l&#8217;Alt Empord\u00e0<\/a><\/p>\n<p>4) <a href=\"https:\/\/inclusioaltemporda.cat\/portal\/wp-content\/uploads\/4_Poblaci\u00f3-per-principals-nacionalitats-i-sexe-Alt-Empord\u00e0.pdf\" target=\"_blank\" rel=\"noopener\">Poblaci\u00f3 resident per principals nacionalitats i sexe a l&#8217;Alt Empord\u00e0<\/a><\/p>\n<p>5) <a href=\"https:\/\/inclusioaltemporda.cat\/portal\/wp-content\/uploads\/5_Nacionalitats-residents-Alt-Empord\u00e0.pdf\" target=\"_blank\" rel=\"noopener\">Nacionalitats residents a l&#8217;Alt Empord\u00e0<\/a><\/p>\n<p>6) <a href=\"https:\/\/inclusioaltemporda.cat\/portal\/wp-content\/uploads\/6_Taxa-envelliment-Alt-Empord\u00e0.pdf\" target=\"_blank\" rel=\"noopener\">Taxa d&#8217;envelliment de l&#8217;Alt Empord\u00e0<\/a><\/p>\n<p>7) <a href=\"https:\/\/inclusioaltemporda.cat\/portal\/wp-content\/uploads\/7_Taxa-sobreenvelliment-Alt-Empord\u00e0.pdf\" target=\"_blank\" rel=\"noopener\">Taxa de sobreenvelliment de l&#8217;Alt Empord\u00e0<\/a><\/p>\n<p><strong>Economia<\/strong><\/p>\n<p>1) <a href=\"https:\/\/inclusioaltemporda.cat\/portal\/wp-content\/uploads\/8_PIB-per-habitant-comarcal.pdf\" target=\"_blank\" rel=\"noopener\">PIB per habitant comarcal<\/a><\/p>\n<p>2) <a href=\"https:\/\/inclusioaltemporda.cat\/portal\/wp-content\/uploads\/9_VAB-per-sector-productiu-Alt-Empord\u00e0.pdf\" target=\"_blank\" rel=\"noopener\">VAB per sector productiu a l&#8217;Alt Empord\u00e0<\/a><\/p>\n<p>3) <a href=\"https:\/\/inclusioaltemporda.cat\/portal\/wp-content\/uploads\/10_Hores-setmanals-dedicades-tasques-de-la-llar.pdf\" target=\"_blank\" rel=\"noopener\">Hores setmanals dedicades a les tasques de la llar per sexe<\/a><\/p>\n<p>4) <a href=\"https:\/\/inclusioaltemporda.cat\/portal\/wp-content\/uploads\/11_Valor-econ\u00f3mic-del-treball-de-cura.pdf\" target=\"_blank\" rel=\"noopener\">Valor econ\u00f2mic del treball remunerat i el treball de cura per sexe<\/a><\/p>\n<p>5) <a href=\"https:\/\/inclusioaltemporda.cat\/portal\/wp-content\/uploads\/12_Valor-econ\u00f3mic-del-treball-remunerat-relaci\u00f3-PIB.pdf\" target=\"_blank\" rel=\"noopener\">Valor econ\u00f2mic del treball de cura en relaci\u00f3 al PIB de Catalunya<\/a><\/p>\n<p><strong>Poblaci\u00f3 en situaci\u00f3 vulnerable<\/strong><\/p>\n<p>1) <a href=\"https:\/\/inclusioaltemporda.cat\/portal\/wp-content\/uploads\/13_Taxa-AROPE-per-sexe.pdf\" target=\"_blank\" rel=\"noopener\">Taxa AROPE per sexe<\/a><\/p>\n<p><strong>\u00c0mbit econ\u00f2mic\/ingressos<\/strong><\/p>\n<p>1) <a href=\"https:\/\/inclusioaltemporda.cat\/portal\/wp-content\/uploads\/14_Renda-familiar-Bruta-Disponible.pdf\" target=\"_blank\" rel=\"noopener\">Renda Familiar Bruta Disponible(RFBD) per c\u00e0pita a l&#8217;Alt Empord\u00e0<\/a><\/p>\n<p>2) <a href=\"https:\/\/inclusioaltemporda.cat\/portal\/wp-content\/uploads\/15_Percentatge-de-rendes-inferiors-a-60.pdf\" target=\"_blank\" rel=\"noopener\">Percentatge de rendes inferiors al 60% de la mediana al 2012<\/a><\/p>\n<p>3) <a href=\"https:\/\/inclusioaltemporda.cat\/portal\/wp-content\/uploads\/16_Persones-benefici\u00e0ries-de-Renda-Garantida.pdf\" target=\"_blank\" rel=\"noopener\">Persones benefici\u00e0ries Renda Garantida de Ciutadania per grup d&#8217;edats<\/a><\/p>\n<p>4) <a href=\"https:\/\/inclusioaltemporda.cat\/portal\/wp-content\/uploads\/17_Persones-benefici\u00e0ries-dajuts-durg\u00e8ncia.pdf\" target=\"_blank\" rel=\"noopener\">Persones benefici\u00e0ries ajuts urg\u00e8ncia per sexe a l&#8217;Alt Empord\u00e0<\/a><\/p>\n<p>5) <a href=\"https:\/\/inclusioaltemporda.cat\/portal\/wp-content\/uploads\/18_Taxa-persones-beneficiaries-RGC.pdf\" target=\"_blank\" rel=\"noopener\">Taxes persones benefici\u00e0ries Renda Garantida de Ciutadania per grups edat<\/a><\/p>\n<p>6) <a href=\"https:\/\/inclusioaltemporda.cat\/portal\/wp-content\/uploads\/19_Taxa-beneficiaris-ajuts-urgencia-per-sexe.pdf\" target=\"_blank\" rel=\"noopener\">Taxa persones benefici\u00e0ries ajuts urg\u00e8ncia per sexe a l&#8217;Alt Empord\u00e0<\/a><\/p>\n<p><strong>\u00c0mbit laboral<\/strong><\/p>\n<p>1) <a href=\"https:\/\/inclusioaltemporda.cat\/portal\/wp-content\/uploads\/20_Taxa-atur-registral.pdf\" target=\"_blank\" rel=\"noopener\">Taxa atur registral a l&#8217;Alt Empord\u00e0<\/a><\/p>\n<p>2) <a href=\"https:\/\/inclusioaltemporda.cat\/portal\/wp-content\/uploads\/Atur-registrat-a-la-poblaci%C3%B3-estrangera-pdf-1024x768.jpg\" target=\"_blank\" rel=\"noopener\">Atur registrat poblaci\u00f3 estrangera per sexe a l&#8217;Alt Empord\u00e0<\/a><\/p>\n<p>3) <a href=\"https:\/\/inclusioaltemporda.cat\/portal\/wp-content\/uploads\/22_Percentatge-atur-menors-de-29-anys.pdf\" target=\"_blank\" rel=\"noopener\">Percentatge d&#8217;atur registrat &lt; 29 anys a l&#8217;Alt Empord\u00e0<\/a><\/p>\n<p>4) <a href=\"https:\/\/inclusioaltemporda.cat\/portal\/wp-content\/uploads\/23_Atur-majors-de-45-anys.pdf\" target=\"_blank\" rel=\"noopener\">Percentatge d&#8217;atur registrat &gt; 45 anys a l&#8217;Alt Empord\u00e0<\/a><\/p>\n<p>5) <a href=\"https:\/\/inclusioaltemporda.cat\/portal\/wp-content\/uploads\/24_Noves-contractacions-per-tipus-de-contracte.pdf\" target=\"_blank\" rel=\"noopener\">Percentatge de noves contractacions per tipus de contracte a l&#8217;Alt Empord\u00e0<\/a><\/p>\n<p><strong>\u00c0mbit formatiu<\/strong><\/p>\n<p>1) <a href=\"https:\/\/inclusioaltemporda.cat\/portal\/wp-content\/uploads\/25_Taxa-poblaci\u00f3-estrangera-per-cicle-educatiu.pdf\" target=\"_blank\" rel=\"noopener\">Taxa poblaci\u00f3 amb nacionalitat estrangera per cicle educatiu a l&#8217;Alt Empord\u00e0<\/a><\/p>\n<p>2) <a href=\"https:\/\/inclusioaltemporda.cat\/portal\/wp-content\/uploads\/26_Taxa-alumnat-graduat-4t-ESO.pdf\" target=\"_blank\" rel=\"noopener\">Taxa alumnat graduat de 4t d&#8217;ESO a l&#8217;Alt Empord\u00e0<\/a><\/p>\n<p><strong>\u00c0mbit social i sanitari<\/strong><\/p>\n<p>1) <a href=\"https:\/\/inclusioaltemporda.cat\/portal\/wp-content\/uploads\/27_Taxa-poblaci\u00f3-atesa-serveis-socials.pdf\" target=\"_blank\" rel=\"noopener\">Taxa poblaci\u00f3 atesa per serveis socials b\u00e0sics per sexe a l&#8217;Alt Empord\u00e0<\/a><\/p>\n<p>2) <a href=\"https:\/\/inclusioaltemporda.cat\/portal\/wp-content\/uploads\/28_Poblaci\u00f3-atesa-serveis-socials-per-edat.pdf\" target=\"_blank\" rel=\"noopener\">Poblaci\u00f3 atesa per serveis socials b\u00e0sics per grup d&#8217;edats a l&#8217;Alt Empord\u00e0<\/a><\/p>\n<p>3) <a href=\"https:\/\/inclusioaltemporda.cat\/portal\/wp-content\/uploads\/29_Taxa-poblaci\u00f3-receptora-ajuda-aliment\u00e0ria.pdf\" target=\"_blank\" rel=\"noopener\">Taxa de poblaci\u00f3 que rep ajuda aliment\u00e0ria a l&#8217;Alt Empord\u00e0<\/a><\/p>\n<p>4) <a href=\"https:\/\/inclusioaltemporda.cat\/portal\/wp-content\/uploads\/30_Taxa-poblaci\u00f3-16-tractament-drogodepend.pdf\" target=\"_blank\" rel=\"noopener\">Taxa poblaci\u00f3 &gt;16 anys atesa per Xarxa d&#8217;Atenci\u00f3 a les Drogodepend\u00e8ncies<\/a><\/p>\n<p>5) <a href=\"https:\/\/inclusioaltemporda.cat\/portal\/wp-content\/uploads\/31_Taxa-persones-ateses-CSMA.pdf\" target=\"_blank\" rel=\"noopener\">Taxa persones ateses per la CSMA<\/a><\/p>\n<p>6) <a href=\"https:\/\/inclusioaltemporda.cat\/portal\/wp-content\/uploads\/34_Taxa-infants-atesos-CSMIJ.pdf\" target=\"_blank\" rel=\"noopener\">Taxa persones ateses per CSMIJ<\/a><\/p>\n<p>7) <a href=\"https:\/\/inclusioaltemporda.cat\/portal\/wp-content\/uploads\/35_Taxa-persones-discapacitat.pdf\" target=\"_blank\" rel=\"noopener\">Taxa persones amb discapacitat reconeguda<\/a><\/p>\n<p>8) <a href=\"https:\/\/inclusioaltemporda.cat\/portal\/wp-content\/uploads\/36_Rati-cobertura-teleassistencia.pdf\" target=\"_blank\" rel=\"noopener\">R\u00e0tio persones &gt;65 anys cobertes pel servei Teleassist\u00e8ncia<\/a><\/p>\n<p>9) <a href=\"https:\/\/inclusioaltemporda.cat\/portal\/wp-content\/uploads\/37_Rati-cobertura-SAD.pdf\" target=\"_blank\" rel=\"noopener\">R\u00e0tio persones &gt;65 cobertes pel Servei d&#8217;atenci\u00f3 domicili\u00e0ria<\/a><\/p>\n<p><strong>\u00c0mbit residencial\/habitatge<\/strong><\/p>\n<p>1) <a href=\"https:\/\/inclusioaltemporda.cat\/portal\/wp-content\/uploads\/38_Execucions-hipotec\u00e0ries-Girona-i-CAT.pdf\" target=\"_blank\" rel=\"noopener\">Execucions hipotec\u00e0ries iniciades a la Prov\u00edncia de Girona i Catalunya<\/a><\/p>\n<p>2) <a href=\"https:\/\/inclusioaltemporda.cat\/portal\/wp-content\/uploads\/39_Taxa-habitatge-principal.pdf\" target=\"_blank\" rel=\"noopener\">Taxa habitatges principals<\/a><\/p>\n<p>3) <a href=\"https:\/\/inclusioaltemporda.cat\/portal\/wp-content\/uploads\/Poblaci%C3%B3-perceptora-de-ajut-de-lloguer-pdf-1024x768.jpg\" target=\"_blank\" rel=\"noopener\">Taxa poblaci\u00f3 perceptora de prestacions ajut lloguer a l&#8217;Alt Empord\u00e0<\/a><\/p>\n<p>4) <a href=\"https:\/\/inclusioaltemporda.cat\/portal\/wp-content\/uploads\/41_Llars-pobresa-energ\u00e8tica-Cat.pdf\" target=\"_blank\" rel=\"noopener\">Estimaci\u00f3 de llars en situaci\u00f3 pobresa energ\u00e8tica a Catalunya<\/a><\/p>\n<p><strong>\u00c0mbit relacional\/xarxa social<\/strong><\/p>\n<p>1) <a href=\"https:\/\/inclusioaltemporda.cat\/portal\/wp-content\/uploads\/42_Entitats-Alt-Empord\u00e0.pdf\" target=\"_blank\" rel=\"noopener\">Nombre entitats per tipologia a l&#8217;Alt Empord\u00e0<\/a><\/p>\n<p>2) <a href=\"https:\/\/inclusioaltemporda.cat\/portal\/wp-content\/uploads\/Nombre-de-voluntaris-de-les-entitats-de-la-taula-dInclusi%C3%B3-pdf-1024x768.jpg\" target=\"_blank\" rel=\"noopener\">Nombre de voluntaris de les entitats Taula Inclusi\u00f3 per sexe<\/a><\/p>\n<p>3) <a href=\"https:\/\/inclusioaltemporda.cat\/portal\/wp-content\/uploads\/Taxa-poblaci%C3%B3-major-75-anys-que-viu-sola-pdf-1024x768.jpg\" target=\"_blank\" rel=\"noopener\">Taxa poblaci\u00f3 &gt;75 anys que viu sola a l&#8217;Alt Empord\u00e0<\/a><\/p>\n<p>4) <a href=\"https:\/\/inclusioaltemporda.cat\/portal\/wp-content\/uploads\/llars-monoparentals-i-monomarentals-pdf-1024x768.jpg\" target=\"_blank\" rel=\"noopener\">Taxa llars monomarentals i monoparentals a la Prov\u00edncia de Girona<\/a><\/p>\n<p>5) <a href=\"https:\/\/inclusioaltemporda.cat\/portal\/wp-content\/uploads\/Ratio-de-pla%C3%A7es-de-centre-ocupacional-per-persones-amb-discapacitat-reconeguda-pdf-1024x768.jpg\" target=\"_blank\" rel=\"noopener\">R\u00e0tio places centre ocupacional per persones amb discapacitat reconeguda<\/a><\/p>\n<p>6) <a href=\"https:\/\/inclusioaltemporda.cat\/portal\/wp-content\/uploads\/Persones-ateses-per-el-servei-de-primera-acollida-pdf-1024x768.jpg\" target=\"_blank\" rel=\"noopener\">Persones ateses per servei acollida a l&#8217;Alt Empord\u00e0<\/a><\/p>\n<p>7) <a href=\"https:\/\/inclusioaltemporda.cat\/portal\/wp-content\/uploads\/Persones-que-accedeixen-a-la-nacionalitat-espanyola-segons-nacionalitat-anterior-pdf-1024x768.jpg\" target=\"_blank\" rel=\"noopener\">Persones que accedeixen nacionalitat espanyola per sexe segons nacionalitat anterior a Catalunya<\/a><\/p>\n<p><strong>\u00c0mbit viol\u00e8ncia de g\u00e8nere<\/strong><\/p>\n<p>1) <a href=\"https:\/\/inclusioaltemporda.cat\/portal\/wp-content\/uploads\/Dones-ateses-per-el-SIAD-pdf-1024x768.jpg\" target=\"_blank\" rel=\"noopener\">Dones ateses per SIAD Alt Empord\u00e0<\/a><\/p>\n<p>2) <a href=\"https:\/\/inclusioaltemporda.cat\/portal\/wp-content\/uploads\/vICTIMES-MORTALS-DE-VIOL%C3%88NCIA-DE-GENERE-pdf-1024x768.jpg\" target=\"_blank\" rel=\"noopener\">V\u00edctimes mortals per viol\u00e8ncia de g\u00e8nere<\/a><\/p>\n<p>3) <a href=\"https:\/\/inclusioaltemporda.cat\/portal\/wp-content\/uploads\/Denuncies-de-viol%C3%A8ncia-rebudes-als-jutjats-pdf-1024x768.jpg\" target=\"_blank\" rel=\"noopener\">Den\u00fancies viol\u00e8ncia g\u00e8nere rebudes als jutjats<\/a><\/p>\n<p>4) <a href=\"https:\/\/inclusioaltemporda.cat\/portal\/wp-content\/uploads\/Ordres-de-protecci%C3%B3-acordades-i-denegades-oer-viol%C3%A8ncia-de-g%C3%A8nere-pdf-1024x768.jpg\" target=\"_blank\" rel=\"noopener\">Ordres de protecci\u00f3 acordades i denegades per viol\u00e8ncia de g\u00e8nere a la Prov\u00edncia de Girona<\/a><\/p>\n<p>5) <a href=\"https:\/\/inclusioaltemporda.cat\/portal\/wp-content\/uploads\/Sent%C3%A8ncies-condemn%C3%A0tories-per-violencia-de-g%C3%A8nere-pdf-1024x768.jpg\" target=\"_blank\" rel=\"noopener\">Sent\u00e8ncies condemnat\u00f2ries per viol\u00e8ncia de g\u00e8nere a l&#8217;Estat Espanyol<\/a>[\/vc_column_text][\/vc_column][\/vc_row]<\/p>\n<\/div>","protected":false},"excerpt":{"rendered":"<p>[vc_row][vc_column width=&#8221;1\/2&#8243;][vc_column_text] Observatori Social de l&#8217;Alt Empord\u00e0 L&#8217;Observatori Social de l&#8217;Alt Empord\u00e0 \u00e9s un ens dedicat a l&#8217;an\u00e0lisi i informaci\u00f3 de la realitat social de la comarca gestionat per l&#8217;Equip\u00a0d&#8217;Inclusi\u00f3&hellip;<\/p>\n","protected":false},"author":2,"featured_media":0,"parent":0,"menu_order":0,"comment_status":"closed","ping_status":"closed","template":"","meta":{"footnotes":""},"class_list":["post-44","page","type-page","status-publish","hentry","description-off"],"_links":{"self":[{"href":"https:\/\/inclusioaltemporda.cat\/portal\/wp-json\/wp\/v2\/pages\/44","targetHints":{"allow":["GET"]}}],"collection":[{"href":"https:\/\/inclusioaltemporda.cat\/portal\/wp-json\/wp\/v2\/pages"}],"about":[{"href":"https:\/\/inclusioaltemporda.cat\/portal\/wp-json\/wp\/v2\/types\/page"}],"author":[{"embeddable":true,"href":"https:\/\/inclusioaltemporda.cat\/portal\/wp-json\/wp\/v2\/users\/2"}],"replies":[{"embeddable":true,"href":"https:\/\/inclusioaltemporda.cat\/portal\/wp-json\/wp\/v2\/comments?post=44"}],"version-history":[{"count":101,"href":"https:\/\/inclusioaltemporda.cat\/portal\/wp-json\/wp\/v2\/pages\/44\/revisions"}],"predecessor-version":[{"id":7805,"href":"https:\/\/inclusioaltemporda.cat\/portal\/wp-json\/wp\/v2\/pages\/44\/revisions\/7805"}],"wp:attachment":[{"href":"https:\/\/inclusioaltemporda.cat\/portal\/wp-json\/wp\/v2\/media?parent=44"}],"curies":[{"name":"wp","href":"https:\/\/api.w.org\/{rel}","templated":true}]}}