{"id":48,"date":"2014-02-19T18:12:50","date_gmt":"2014-02-19T18:12:50","guid":{"rendered":"http:\/\/localhost\/wordpress\/?page_id=48"},"modified":"2023-08-16T15:01:43","modified_gmt":"2023-08-16T13:01:43","slug":"taula-dinclusio","status":"publish","type":"page","link":"https:\/\/inclusioaltemporda.cat\/portal\/taula-dinclusio\/","title":{"rendered":"Taula d&#8217;Inclusi\u00f3"},"content":{"rendered":"<div class=\"wpb-content-wrapper\"><p>[vc_row][vc_column width=&#8221;1\/2&#8243;][vc_column_text]<\/p>\n<h3 style=\"color: #333!important;\">Taula d&#8217;Inclusi\u00f3<\/h3>\n<p><img loading=\"lazy\" decoding=\"async\" class=\"alignleft size-full wp-image-3567\" style=\"border: 2px solid white;\" src=\"https:\/\/inclusioaltemporda.cat\/portal\/wp-content\/uploads\/image_taula.jpg\" alt=\"image_taula\" width=\"111\" height=\"149\" \/><\/p>\n<p style=\"color: #333!important;\">La Taula per a la Inclusi\u00f3 i la Cohesi\u00f3 Social de l&#8217;Alt Empord\u00e0 \u00e9s l&#8217;espai de participaci\u00f3 del Pla d&#8217;Inclusi\u00f3 i est\u00e0 oberta a tots els agents que treballen en l\u2019\u00e0mbit social i ciutad\u00e0.<\/p>\n<p>[\/vc_column_text][vc_column_text]<\/p>\n<h3><\/h3>\n<h3>Objectius<\/h3>\n<p>La Taula per a la Inclusi\u00f3 Social \u00e9s l&#8217;\u00f2rgan de participaci\u00f3 del Pla per a la Inclusi\u00f3 i la Cohesi\u00f3 Social de l&#8217;Alt Empord\u00e0 i com a tal exerceix les funcions d&#8217;assessorament, consulta, proposta i partipaci\u00f3 de les entitats socials de la comarca en les diferents fases d&#8217;elaboraci\u00f3 del Pla.<\/p>\n<p>En aquesta direcci\u00f3, els objectius de la Taula s\u00f3n:<\/p>\n<div>\n<ul class=\"standard-arrow\"><\/p>\n<li><p>Deliberar\u00a0 i\u00a0 consensuar les necessitats socials de la comarca i validar les diagnosis i informes vinculats al Pla.<\/p>\n<\/li>\n<li><p>Fomentar la comunicaci\u00f3, la coordinaci\u00f3 i el treball conjunt entre les entitats de la comarca i l&#8217;administraci\u00f3 comarcal\u00a0 per garantir el proc\u00e9s d&#8217;elaboraci\u00f3, implementaci\u00f3, seguiment i avaluaci\u00f3 del Pla.<\/p>\n<\/li>\n<li><p>Fer propostes concretes vinculades als objectius estrat\u00e8gics, objectius operatius i accions del Pla.<\/p>\n<\/li>\n<li><p>Participar en el desplegament de les accions del Pla acordades.<\/p>\n<\/li>\n<li><p>Donar a con\u00e8ixer a la ciutadania el Pla per a la Inclusi\u00f3 i la Cohesi\u00f3 Social de l&#8217;Alt Empord\u00e0.<\/p>\n<\/li>\n<li><p>Vetllar per la implementaci\u00f3, el seguiment i l&#8217;avaluaci\u00f3 de les accions del Pla.<\/p>\n<\/li>\n<p><\/ul>\n<\/div>\n<p>[\/vc_column_text][vc_column_text]<\/p>\n<h3><\/h3>\n<h3>Reglament<\/h3>\n<p><a href=\"https:\/\/inclusioaltemporda.cat\/portal\/wp-content\/uploads\/Reglament_Taula_Inclusio.pdf\">Aqu\u00ed us podeu descarregar el Reglament de Funcionament de la Taula.<\/a>[\/vc_column_text][\/vc_column][vc_column width=&#8221;1\/2&#8243;][vc_column_text]<\/p>\n<h3>Membres<\/h3>\n<p><ul class=\"standard-arrow list-divider\"><li><p><a href=\"https:\/\/acas-girona.blogspot.com\/\" target=\"_blank\" rel=\"noopener\">ACAS Alt Empord\u00e0<\/a><\/p>\n<\/li><li><p><a href=\"http:\/\/asif.cat\/\" target=\"_blank\" rel=\"noopener\">ASIF<\/a><\/p>\n<\/li><li><p><a href=\"https:\/\/ca-es.facebook.com\/Associaci%C3%B3-Llan%C3%A7%C3%A0-Solidari-296661840723226\/?fref=nf\" target=\"_blank\" rel=\"noopener\">Associaci\u00f3 Llan\u00e7\u00e0 Solidari<\/a><\/p>\n<\/li><li><p><a href=\"https:\/\/www.alzheimerfigueres.org\/\" target=\"_blank\" rel=\"noopener\">Associaci\u00f3 de Malalts d&#8217;Alzheimer (AMA<\/a>)<\/p>\n<\/li><li><p><a href=\"https:\/\/tramuntanets.cat\/\" target=\"_blank\" rel=\"noopener\">Associaci\u00f3 Tramuntanets<\/a><\/p>\n<\/li><li><p><a href=\"http:\/\/www.caritasgirona.cat\/CA\/1790\/alt-emporda-interior.html\" target=\"_blank\" rel=\"noopener\">C\u00e0ritas Alt Empord\u00e0 interior<\/a><\/p>\n<\/li><li><p>C\u00e0ritas Alt Empord\u00e0 sector marina<\/p>\n<\/li><li><p>Consell de la Gent Gran de l&#8217;Alt Empord\u00e0<\/p>\n<\/li><li><p><a href=\"https:\/\/affac.cat\/\" target=\"_blank\" rel=\"noopener\">AFFAC<\/a><\/p>\n<\/li><li><p><a href=\"https:\/\/www.cruzroja.es\/principal\/web\/cruz-roja\/territorial?centro=14951\" target=\"_blank\" rel=\"noopener\">Creu Roja<\/a><\/p>\n<\/li><li><p><a href=\"https:\/\/fundacioaltem.org\/\" target=\"_blank\" rel=\"noopener\">Fundaci\u00f3 ALTEM<\/a><\/p>\n<\/li><li><p><a href=\"http:\/\/fundaciodelsoficis.com\/\" target=\"_blank\" rel=\"noopener\">Fundaci\u00f3 per a la promoci\u00f3 dels Oficis<\/a><\/p>\n<\/li><li><p><a href=\"https:\/\/www.salutemporda.cat\/ca\/\" target=\"_blank\" rel=\"noopener\">Fundaci\u00f3 Salut Empord\u00e0<\/a><\/p>\n<\/li><li><p><a href=\"https:\/\/www.fundaciosergi.org\/\" target=\"_blank\" rel=\"noopener\">Fundaci\u00f3 Ser.gi<\/a><\/p>\n<\/li><li><p><a href=\"http:\/\/forumdelesfamilies.blogspot.com.es\/\" target=\"_blank\" rel=\"noopener\">Fundaci\u00f3 Verg\u00e9s Ginjaume<\/a><\/p>\n<\/li><li><p><a href=\"https:\/\/fundacioroses.org\/\" target=\"_blank\" rel=\"noopener\">Fundaci\u00f3 Roses contra el C\u00e0ncer<\/a><\/p>\n<\/li><li><p><a href=\"http:\/\/www.ksameu.cat\/\" target=\"_blank\" rel=\"noopener\">Fundaci\u00f3 privada Sant Vicen\u00e7 de Pa\u00fcl (KSAMEU)<\/a><\/p>\n<\/li><li><p><a href=\"https:\/\/fundaciotutelaremporda.blogspot.com\/\" target=\"_blank\" rel=\"noopener\">Fundaci\u00f3 Tutelar de l&#8217;Empord\u00e0<\/a><\/p>\n<\/li><li><p>ONG Tallers<\/p>\n<\/li><li><p><a href=\"http:\/\/www.suara.coop\/es\/\" target=\"_blank\" rel=\"noopener\">Suara Cooperativa<\/a><\/p>\n<\/li><\/ul>[\/vc_column_text][\/vc_column][\/vc_row]<\/p>\n<\/div>","protected":false},"excerpt":{"rendered":"<p>[vc_row][vc_column width=&#8221;1\/2&#8243;][vc_column_text] Taula d&#8217;Inclusi\u00f3 La Taula per a la Inclusi\u00f3 i la Cohesi\u00f3 Social de l&#8217;Alt Empord\u00e0 \u00e9s l&#8217;espai de participaci\u00f3 del Pla d&#8217;Inclusi\u00f3 i est\u00e0 oberta a tots els&hellip;<\/p>\n","protected":false},"author":2,"featured_media":0,"parent":0,"menu_order":0,"comment_status":"closed","ping_status":"closed","template":"","meta":{"footnotes":""},"class_list":["post-48","page","type-page","status-publish","hentry","description-off"],"_links":{"self":[{"href":"https:\/\/inclusioaltemporda.cat\/portal\/wp-json\/wp\/v2\/pages\/48","targetHints":{"allow":["GET"]}}],"collection":[{"href":"https:\/\/inclusioaltemporda.cat\/portal\/wp-json\/wp\/v2\/pages"}],"about":[{"href":"https:\/\/inclusioaltemporda.cat\/portal\/wp-json\/wp\/v2\/types\/page"}],"author":[{"embeddable":true,"href":"https:\/\/inclusioaltemporda.cat\/portal\/wp-json\/wp\/v2\/users\/2"}],"replies":[{"embeddable":true,"href":"https:\/\/inclusioaltemporda.cat\/portal\/wp-json\/wp\/v2\/comments?post=48"}],"version-history":[{"count":30,"href":"https:\/\/inclusioaltemporda.cat\/portal\/wp-json\/wp\/v2\/pages\/48\/revisions"}],"predecessor-version":[{"id":8563,"href":"https:\/\/inclusioaltemporda.cat\/portal\/wp-json\/wp\/v2\/pages\/48\/revisions\/8563"}],"wp:attachment":[{"href":"https:\/\/inclusioaltemporda.cat\/portal\/wp-json\/wp\/v2\/media?parent=48"}],"curies":[{"name":"wp","href":"https:\/\/api.w.org\/{rel}","templated":true}]}}