{"id":6162,"date":"2017-01-25T13:35:13","date_gmt":"2017-01-25T12:35:13","guid":{"rendered":"https:\/\/inclusioaltemporda.cat\/portal\/?page_id=6162"},"modified":"2017-01-30T13:14:05","modified_gmt":"2017-01-30T12:14:05","slug":"projecte-transfronterer-prospectsaso","status":"publish","type":"page","link":"https:\/\/inclusioaltemporda.cat\/portal\/cooperacio-transfronterera-3\/projecte-transfronterer-prospectsaso\/","title":{"rendered":"Projecte transfronterer PROSPECTSASO"},"content":{"rendered":"<p><a href=\"https:\/\/inclusioaltemporda.cat\/portal\/cooperacio-transfronterera-3\/projecte-transfronterer-prospectsaso\/logos-prospectsaso-versio-definitiva\/\" rel=\"attachment wp-att-6165\"><img loading=\"lazy\" decoding=\"async\" class=\"aligncenter size-large wp-image-6165\" src=\"https:\/\/inclusioaltemporda.cat\/portal\/wp-content\/uploads\/LOGOS-PROSPECTSASO-VERSI\u00d3-DEFINITIVA-1024x162.jpg\" alt=\"LOGOS PROSPECTSASO VERSI\u00d3 DEFINITIVA\" width=\"1024\" height=\"162\" srcset=\"https:\/\/inclusioaltemporda.cat\/portal\/wp-content\/uploads\/LOGOS-PROSPECTSASO-VERSI\u00d3-DEFINITIVA-1024x162.jpg 1024w, https:\/\/inclusioaltemporda.cat\/portal\/wp-content\/uploads\/LOGOS-PROSPECTSASO-VERSI\u00d3-DEFINITIVA-300x47.jpg 300w, https:\/\/inclusioaltemporda.cat\/portal\/wp-content\/uploads\/LOGOS-PROSPECTSASO-VERSI\u00d3-DEFINITIVA-768x122.jpg 768w, https:\/\/inclusioaltemporda.cat\/portal\/wp-content\/uploads\/LOGOS-PROSPECTSASO-VERSI\u00d3-DEFINITIVA.jpg 1340w\" sizes=\"auto, (max-width: 1024px) 100vw, 1024px\" \/><\/a><strong>L&#8217;\u00e0rea de Benestar del Consell Comarcal de l&#8217;Alt Empord\u00e0 forma part del partenariat del projecte PROSPECTSASO \u2013 Prospectiva transfronterera sanit\u00e0ria i social, liderat per la Universitat de Perpiny\u00e0<\/strong>, que compta amb el 65% de finan\u00e7ament del Fons Europeu de Desenvolupament Regional (FEDER) a trav\u00e9s del programa Interreg V-A Espanya-Fran\u00e7a-Andorra (POCTEFA 2014-2020).<\/p>\n<p>El <strong>projecte PROSPECTSASO<\/strong> t\u00e9 com a finalitat refor\u00e7ar la professionalitzaci\u00f3 de l&#8217;\u00e0mbit social i sanitari en l&#8217;espai transfronterer franco-catal\u00e0 (zona est) i la seva extensi\u00f3 a les \u00e0rees de Barcelona i Toulouse a partir d&#8217;un treball en xarxa entre els diferents socis. Aquest projecte es va posar en marxa el mes de setembre de 2016 i estar\u00e0 actiu fins a finals de l&#8217;any 2019.<\/p>\n<p>La finalitat del<strong> projecte PROSPECTSASO<\/strong> \u00e9s millorar el coneixement sobre la realitat social i sanit\u00e0ria transfronterera i els efectes frontera en p\u00fablics m\u00e9s vulnerables (persones en situaci\u00f3 de risc d&#8217;exclusi\u00f3 social, infants en risc, persones en situaci\u00f3 de discriminaci\u00f3, persones grans o persones amb discapacitat, entre d&#8217;altres), per tal de respondre adequadament a les necessitats socials que presenta el nostre territori.<\/p>\n<p>Amb aquesta finalitat, el projecte refor\u00e7a l&#8217;intercanvi de coneixement entre els agents transfronterers, proposa treballar millor l&#8217;atenci\u00f3 de problem\u00e0tiques socials emergents en el territori transfronterer i compartir bones pr\u00e0ctiques i metodologies de treball entre professionals de la intervenci\u00f3 social i sanit\u00e0ria. El projecte tamb\u00e9 est\u00e0 orientat a generar nou coneixement en aquest \u00e0mbit orientat a construir capital social i intel\u00b7lig\u00e8ncia col\u00b7lectiva i territorial que es compartir\u00e0 mitjan\u00e7ant Cases Virtuals Transfronteres que recolliran els aven\u00e7os que es portin a terme en els propers 3 anys en l&#8217;\u00e0mbit de la formaci\u00f3 de professionals, la recerca i les xarxes professionals.<\/p>\n<p>El <strong>projecte PROSPECTSASO<\/strong> presenta 30 activitats diferents que es desplegaran en el territori transfronterer en els propers anys. M\u00e9s de 20 professionals de l&#8217;\u00e0rea de Benestar del Consell Comarcal participaran en les diverses activitats d&#8217;aquest projecte transfronterer.<\/p>\n<p><strong>Socis del projecte<\/strong><\/p>\n<ul>\n<li><a href=\"http:\/\/www.univ-perp.fr\">UNIVERSITAT DE PERPIGNAN VIA DOMITIA (soci l\u00edder<\/a>)<\/li>\n<li><a href=\"http:\/\/www.irts-lr.fr\/irts-lr-perpignan.html\">INSTITUT R\u00c9GIONAL DU TRAVAIL SOCIAL (IRTS-Perpignan<\/a>)<\/li>\n<li><a href=\"http:\/\/www.udg.edu\">UNIVERSITAT DE GIRONA<\/a><\/li>\n<li><a href=\"http:\/\/www.ub.edu\/web\/ub\/ca\/\">UNIVERSITAT DE BARCELONA<\/a><\/li>\n<li><a href=\"http:\/\/www.altemporda.org\/portal\/\">CONSELL COMARCAL DE L&#8217;ALT EMPORD\u00c0<\/a><\/li>\n<li><a href=\"https:\/\/www.association-sauvy.fr\/\">ASSOCIATION JOSEPH SAUVY<\/a><\/li>\n<li><a href=\"http:\/\/institutsaintsimon.com\/\">P\u00d4LE INSTITUT SAINT SIMON<\/a><\/li>\n<li><a href=\"http:\/\/www.erasme.fr\/\">ERASME<\/a><\/li>\n<\/ul>\n<p><strong>Activitats que lidera el Consell Comarcal de l&#8217;Alt Empord\u00e0<\/strong><\/p>\n<ol>\n<li>Intercanvi entre professionals sobre la salut dels joves en l&#8217;espai transfronterer. Coneixement de bones pr\u00e0ctiques i intercanvi transfronterer de professionals i joves.<\/li>\n<li>Dinamitzaci\u00f3 de la xarxa professional d&#8217;intervenci\u00f3 social en el territori transfronterer a partir de grups de treball espec\u00edfics: inf\u00e0ncia, adolesc\u00e8ncia i fam\u00edlies; persones migrants, persones joves i persones grans que apleguen m\u00e9s d&#8217;un centenar de professionals d&#8217;amb\u00f3s costats de la frontera.<\/li>\n<li>Programa de prevenci\u00f3 del maltractament en persones grans. Coneixement de bones pr\u00e0ctiques i intercanvi transfronterer de professionals.<\/li>\n<\/ol>\n<p><strong>Activitats d&#8217;altres socis en qu\u00e8 participa el Consell Comarcal de l&#8217;Alt Empord\u00e0<\/strong><\/p>\n<ol>\n<li>Intervenci\u00f3 amb joves i adolescents en barris amb forta immigraci\u00f3 (UdG)<\/li>\n<li>An\u00e0lisi comparada de models d&#8217;intervenci\u00f3 en menors estrangers sols (UB)<\/li>\n<li>Millora del coneixement de la prostituci\u00f3 transfronterera (UdG)<\/li>\n<li>Millora del coneixement i conseq\u00fc\u00e8ncies socials i efectes frontera en p\u00fablics LGTB (UB)<\/li>\n<li>Acompanyar els professionals en acolliment infants en centres (IRTS)<\/li>\n<li>Manteniment a domicili de persones grans (UdG)<\/li>\n<li>Universitats i xarxa professional (UdG)<\/li>\n<li>Problemes traum\u00e0tics i f\u00edsics dels refugiats demandants d&#8217;asil (Erasme)<\/li>\n<\/ol>\n<p>&nbsp;<\/p>\n<p><a href=\"http:\/\/www.prospectsaso.com\"><strong>+ informaci\u00f3 sobre el projecte<\/strong><\/a><\/p>\n<p><a href=\"http:\/\/www.poctefa.eu\"><strong>+ informaci\u00f3 sobre el programa POCTEFA<\/strong><\/a><\/p>\n<p>&nbsp;<\/p>\n<p><strong>Persona de contacte<\/strong><\/p>\n<p style=\"text-align: justify;\">Imma Quintana<\/p>\n<p style=\"text-align: justify;\">Coordinaci\u00f3 projecte PROSPECTSASO<\/p>\n<p style=\"text-align: justify;\">Equip T\u00e8cnic Inclusi\u00f3 Social<\/p>\n<p style=\"text-align: justify;\">\u00c0rea de Benestar del Consell Comarcal<\/p>\n<p style=\"text-align: justify;\">Tel. 00 34 972 677 050<\/p>\n<p style=\"text-align: justify;\">c. Nou, 48 &#8211; 17600 Figueres<\/p>\n","protected":false},"excerpt":{"rendered":"<p>L&#8217;\u00e0rea de Benestar del Consell Comarcal de l&#8217;Alt Empord\u00e0 forma part del partenariat del projecte PROSPECTSASO \u2013 Prospectiva transfronterera sanit\u00e0ria i social, liderat per la Universitat de Perpiny\u00e0, que compta&hellip;<\/p>\n","protected":false},"author":3,"featured_media":0,"parent":5593,"menu_order":0,"comment_status":"closed","ping_status":"closed","template":"","meta":{"footnotes":""},"class_list":["post-6162","page","type-page","status-publish","hentry","description-off"],"_links":{"self":[{"href":"https:\/\/inclusioaltemporda.cat\/portal\/wp-json\/wp\/v2\/pages\/6162","targetHints":{"allow":["GET"]}}],"collection":[{"href":"https:\/\/inclusioaltemporda.cat\/portal\/wp-json\/wp\/v2\/pages"}],"about":[{"href":"https:\/\/inclusioaltemporda.cat\/portal\/wp-json\/wp\/v2\/types\/page"}],"author":[{"embeddable":true,"href":"https:\/\/inclusioaltemporda.cat\/portal\/wp-json\/wp\/v2\/users\/3"}],"replies":[{"embeddable":true,"href":"https:\/\/inclusioaltemporda.cat\/portal\/wp-json\/wp\/v2\/comments?post=6162"}],"version-history":[{"count":7,"href":"https:\/\/inclusioaltemporda.cat\/portal\/wp-json\/wp\/v2\/pages\/6162\/revisions"}],"predecessor-version":[{"id":6182,"href":"https:\/\/inclusioaltemporda.cat\/portal\/wp-json\/wp\/v2\/pages\/6162\/revisions\/6182"}],"up":[{"embeddable":true,"href":"https:\/\/inclusioaltemporda.cat\/portal\/wp-json\/wp\/v2\/pages\/5593"}],"wp:attachment":[{"href":"https:\/\/inclusioaltemporda.cat\/portal\/wp-json\/wp\/v2\/media?parent=6162"}],"curies":[{"name":"wp","href":"https:\/\/api.w.org\/{rel}","templated":true}]}}