{"id":8183,"date":"2022-05-18T09:16:30","date_gmt":"2022-05-18T07:16:30","guid":{"rendered":"https:\/\/inclusioaltemporda.cat\/portal\/?page_id=8183"},"modified":"2025-03-03T19:53:33","modified_gmt":"2025-03-03T18:53:33","slug":"comite-etica","status":"publish","type":"page","link":"https:\/\/inclusioaltemporda.cat\/portal\/comite-etica\/","title":{"rendered":"Comit\u00e8 d&#8217;\u00e8tica aplicada de l&#8217;\u00e0rea de Benestar"},"content":{"rendered":"<div class=\"wpb-content-wrapper\"><p>[vc_row][vc_column]<div class=\"shortcode-banner\" style=\"min-height: 150px\"><div class=\"shortcode-banner-bg wf-table\" style=\"padding: 10px;min-height: 150px\"><div class=\"shortcode-banner-inside wf-table text-big\" style=\"background-color: rgb(255,255,255);background-color: rgba(255,255,255,0.4);border: solid 10px transparent;outline: solid 3px;outline-color: #ffffff;height: 140px\"><div><p><img loading=\"lazy\" decoding=\"async\" class=\" wp-image-8206 aligncenter\" src=\"https:\/\/inclusioaltemporda.cat\/portal\/wp-content\/uploads\/Banner-web-1-300x68.png\" alt=\"\" width=\"582\" height=\"132\" srcset=\"https:\/\/inclusioaltemporda.cat\/portal\/wp-content\/uploads\/Banner-web-1-300x68.png 300w, https:\/\/inclusioaltemporda.cat\/portal\/wp-content\/uploads\/Banner-web-1-768x173.png 768w, https:\/\/inclusioaltemporda.cat\/portal\/wp-content\/uploads\/Banner-web-1.png 888w\" sizes=\"auto, (max-width: 582px) 100vw, 582px\" \/><\/p>\n<\/div><\/div><\/div><\/div>[\/vc_column][\/vc_row][vc_row][vc_column][vc_column_text css=&#8221;&#8221;]<strong>Qu\u00e8 \u00e9s?<\/strong><\/p>\n<p>El Comit\u00e8 d&#8217;\u00c8tica de l&#8217;\u00e0rea de Benestar t\u00e9 com a finalitat principal reflexionar sobre l&#8217;\u00e8tica aplicada en la intervenci\u00f3 social a partir de l\u2019an\u00e0lisi de situacions espec\u00edfiques identificades pels professionals de l\u2019\u00e0mbit de la intervenci\u00f3 social a la comarca. Aquest espai es reuneix peri\u00f2dicament per debatre i avan\u00e7ar en el desenvolupament dels dilemes \u00e8tics identificats amb la voluntat de facilitar la presa de decisions i les intervencions futures.<\/p>\n<p>El desenvolupament de l\u2019\u00e8tica en l\u2019activitat de prestaci\u00f3 de serveis t\u00e9 com a finalitat aconseguir, entre d\u2019altres, l\u2019efectiu respecte als drets de les persones i les bones actituds en l\u2019atenci\u00f3 de les persones usu\u00e0ries, familiars i acompanyats en tots els procediments i programes. Aix\u00ed mateix, els professionals i les organitzacions han d\u2019orientar la seva activitat de manera que es garanteixi la dignitat de les persones, el seu benestar i el respecte a la seva autonomia i intimitat.<\/p>\n<p>Les funcions del Comit\u00e8 d\u2019\u00c8tica Aplicada de Serveis Socials del Consell Comarcal de l\u2019Alt Empord\u00e0 s\u00f3n:<\/p>\n<ol>\n<li>Donar suport als equips professionals, a les persones usu\u00e0ries o als seus familiars en la detecci\u00f3, abordatge, i resoluci\u00f3 de problemes o q\u00fcestions \u00e8tiques, fomentat la deliberaci\u00f3 entre totes les persones afectades.<\/li>\n<li>Estimular la formaci\u00f3 i la reflexi\u00f3 dels professionals, les persones usu\u00e0ries i dels seus familiars organitzant programes, cursos i qualsevol altra activitat formativa que estimuli la reflexi\u00f3 \u00e8tica, posi de manifest la diversitat de punts de vista existents a les societats plurals, descobreixi malentesos, apropi punts de vista divergents i col\u00b7labori en la construcci\u00f3 d\u2019una moral c\u00edvica amb voluntat universalista.<\/li>\n<li>Proposar a la instituci\u00f3 recomanacions d\u2019actuaci\u00f3 davant situacions concretes susceptibles de conflicte \u00e8tics.<\/li>\n<li>Redactar i mantenir actualitzat el Codi \u00c8tic del Consell Comarcal de l\u2019Alt Empord\u00e0. Aquest \u00e9s un document viu que recull el resultat d\u2019un proc\u00e9s obert i permanent de detecci\u00f3 i resposta als aspectes \u00e8ticament rellevants de l\u2019activitat professional.<\/li>\n<\/ol>\n<p><strong>Funcionament i reglament<\/strong><\/p>\n<p>Formen part del Comit\u00e8 d\u2019\u00e8tica un grup d\u2019entre 10 i 15 professionals dels diferents equips de treball de l\u2019\u00e0rea de Benestar i dels serveis socials b\u00e0sics dels ajuntaments de Roses i L\u2019Escala, que es reuneixen amb una periodicitat mensual.<\/p>\n<p>El funcionament del Comit\u00e8 d&#8217;\u00c8tica est\u00e0 regit pel <a href=\"https:\/\/inclusioaltemporda.cat\/portal\/wp-content\/uploads\/reglament-comite-etica-18012019102336.pdf\" target=\"_blank\" rel=\"noopener\">Reglament de funcionament intern del Comit\u00e8 d\u2019\u00e8tica aplicada de l\u2019\u00e0rea de Benestar del Consell Comarcal de l\u2019Alt Empord\u00e0<\/a>.<\/p>\n<p><strong>Membres del Comit\u00e8 d&#8217;\u00e8tica<\/strong><\/p>\n<p>Actualment formen part d&#8217;aquest espai de treball els seg\u00fcents professionals:<\/p>\n<ul>\n<li>Pilar Alabau. Educadora social i t\u00e8cnica d&#8217;inclusi\u00f3.<\/li>\n<li>Luci Alvarado. Educadora social.<\/li>\n<li>Maria del Mar Carreras. Psic\u00f2loga.<\/li>\n<li>Laia Gironella. Treballadora social.<\/li>\n<li>Pilar Gr\u00e0cia. Treballadora social.<\/li>\n<li>Neus Juanola. Educadora social i t\u00e8cnica d&#8217;igualtat.<\/li>\n<li>Judith Juventench. Educadora social.<\/li>\n<li>Roger L\u00f3pez. Soci\u00f2leg i t\u00e8cnic d\u2019Inclusi\u00f3 social.<\/li>\n<li>Jasmina Mart\u00ednez. Educadora social.<\/li>\n<li>Sabina Moreno. Treballadora social.<\/li>\n<li>Iolanda Salguero. Treballadora social.<\/li>\n<li>Daniel Sanchez. Educador social.<\/li>\n<li>Montse Sanchez. Treballadora social.<\/li>\n<li>Dolors Terradas. Educadora social.<\/li>\n<li>M\u00f2nica Ortega. Treballadora social.<\/li>\n<\/ul>\n<p>El Comit\u00e8 d&#8217;\u00c8tica aplicada compta amb el suport t\u00e8cnic i l&#8217;assessorament de Joan Canimas Brugu\u00e9,\u00a0 Dr. en Filosofia.<\/p>\n<p><strong>Publicacions del Comit\u00e8 d&#8217;\u00e8tica<\/strong><\/p>\n<p>1. <a href=\"https:\/\/inclusioaltemporda.cat\/portal\/wp-content\/uploads\/Rertorn-pais-origen.pdf\" target=\"_blank\" rel=\"noopener\">Immigraci\u00f3 i retorn al pa\u00eds d\u2019origen: cal donar l\u2019opini\u00f3 professionals a les persones ateses?<\/a><\/p>\n<p>2. <a href=\"https:\/\/inclusioaltemporda.cat\/portal\/wp-content\/uploads\/2-CAPACITAT-PARENTAL-I-DISCAPACITAT-INTEL\u00b7LECTUAL.pdf\" target=\"_blank\" rel=\"noopener\">Capacitat parental i discapacitat intel\u00b7lectuals. La separaci\u00f3 d\u2019infants del seu nucli familiar. deguda a dificultats en l\u2019exercici de les funcions parentals i per manca del suport necessari per garantir el benestar de l\u2019infant.<\/a><\/p>\n<p>3. <a href=\"https:\/\/inclusioaltemporda.cat\/portal\/wp-content\/uploads\/3-MODEL-CDA-1.pdf\" target=\"_blank\" rel=\"noopener\">Els Centres de Distribuci\u00f3 d\u2019Aliments: un model a transformar?<\/a><\/p>\n<p>4. <a href=\"https:\/\/inclusioaltemporda.cat\/portal\/wp-content\/uploads\/4-TRACTAMENT-DADES-CONFIDENCIALS.pdf\" target=\"_blank\" rel=\"noopener\">La cust\u00f2dia de les dades personals en l\u2019\u00e0mbit dels Serveis Socials.<\/a><\/p>\n<p>5. <a href=\"https:\/\/inclusioaltemporda.cat\/portal\/wp-content\/uploads\/5-PROTOCOL-BP-RECOLLIDA-TRASPAS-I-GUARDA-DADES.pdf\" target=\"_blank\" rel=\"noopener\">Protocol de bones pr\u00e0ctiques per a l\u2019obtenci\u00f3, trasp\u00e0s i guarda de dades personals.<\/a><\/p>\n<p>7. <a href=\"https:\/\/inclusioaltemporda.cat\/portal\/wp-content\/uploads\/7-COMITE-DETICA-ESCOLARITZACIO-A-CASA.pdf\" target=\"_blank\" rel=\"noopener\">El rol dels serveis socials en els casos d&#8217;escolaritzaci\u00f3 a casa.<\/a><\/p>\n<p>8. <a href=\"https:\/\/inclusioaltemporda.cat\/portal\/wp-content\/uploads\/8-SUPORT-SENTENCIA-JUDICIAL.pdf\" target=\"_blank\" rel=\"noopener\">A prop\u00f2sit de la conveni\u00e8ncia o no de demanar una mesura de suport per sent\u00e8ncia judicial<\/a><\/p>\n<p><strong>Formulari web de contacte<\/strong><\/p>\n<p><iframe loading=\"lazy\" src=\"https:\/\/docs.google.com\/forms\/d\/e\/1FAIpQLSdN5QBY89qrDtrPnZKZ5b7UFLBmN1c28mDAEY5YDuAiBgWyvQ\/viewform?embedded=true\" width=\"640\" height=\"650\" frameborder=\"0\" marginwidth=\"0\" marginheight=\"0\">S&#8217;est\u00e0 carregant\u2026<\/iframe>[\/vc_column_text][\/vc_column][\/vc_row]<\/p>\n<\/div>","protected":false},"excerpt":{"rendered":"<p>[vc_row][vc_column][\/vc_column][\/vc_row][vc_row][vc_column][vc_column_text css=&#8221;&#8221;]Qu\u00e8 \u00e9s? El Comit\u00e8 d&#8217;\u00c8tica de l&#8217;\u00e0rea de Benestar t\u00e9 com a finalitat principal reflexionar sobre l&#8217;\u00e8tica aplicada en la intervenci\u00f3 social a partir de l\u2019an\u00e0lisi de situacions espec\u00edfiques&hellip;<\/p>\n","protected":false},"author":2,"featured_media":0,"parent":0,"menu_order":0,"comment_status":"closed","ping_status":"closed","template":"","meta":{"footnotes":""},"class_list":["post-8183","page","type-page","status-publish","hentry","description-off"],"_links":{"self":[{"href":"https:\/\/inclusioaltemporda.cat\/portal\/wp-json\/wp\/v2\/pages\/8183","targetHints":{"allow":["GET"]}}],"collection":[{"href":"https:\/\/inclusioaltemporda.cat\/portal\/wp-json\/wp\/v2\/pages"}],"about":[{"href":"https:\/\/inclusioaltemporda.cat\/portal\/wp-json\/wp\/v2\/types\/page"}],"author":[{"embeddable":true,"href":"https:\/\/inclusioaltemporda.cat\/portal\/wp-json\/wp\/v2\/users\/2"}],"replies":[{"embeddable":true,"href":"https:\/\/inclusioaltemporda.cat\/portal\/wp-json\/wp\/v2\/comments?post=8183"}],"version-history":[{"count":18,"href":"https:\/\/inclusioaltemporda.cat\/portal\/wp-json\/wp\/v2\/pages\/8183\/revisions"}],"predecessor-version":[{"id":8818,"href":"https:\/\/inclusioaltemporda.cat\/portal\/wp-json\/wp\/v2\/pages\/8183\/revisions\/8818"}],"wp:attachment":[{"href":"https:\/\/inclusioaltemporda.cat\/portal\/wp-json\/wp\/v2\/media?parent=8183"}],"curies":[{"name":"wp","href":"https:\/\/api.w.org\/{rel}","templated":true}]}}