{"id":8394,"date":"2023-01-10T12:27:00","date_gmt":"2023-01-10T11:27:00","guid":{"rendered":"https:\/\/inclusioaltemporda.cat\/portal\/?page_id=8394"},"modified":"2023-01-10T12:34:14","modified_gmt":"2023-01-10T11:34:14","slug":"tramitacio-informes-destrangeria","status":"publish","type":"page","link":"https:\/\/inclusioaltemporda.cat\/portal\/tramitacio-informes-destrangeria\/","title":{"rendered":"Tramitaci\u00f3 informes d&#8217;estrangeria"},"content":{"rendered":"<h1>Tramitaci\u00f3 informes d&#8217;estrangeria<\/h1>\n<p>&nbsp;<\/p>\n<p>En aquesta p\u00e0gina podeu trobar els formularis de sol\u00b7licitud dels informes d&#8217;arrelament i integraci\u00f3 social. Per tal de poder tramitar la sol\u00b7licitud, els heu de descarregar, emplenar i registrar-los a l&#8217;ajuntament on esteu empadronats, juntament amb la documentaci\u00f3 requerida.<\/p>\n<p>&nbsp;<\/p>\n<p><a href=\"https:\/\/inclusioaltemporda.cat\/portal\/wp-content\/uploads\/Inf02-sollicitud.pdf\">Sol\u00b7licitud d&#8217;informe d&#8217;arrelament social (INF02)<\/a><\/p>\n<p><a href=\"https:\/\/inclusioaltemporda.cat\/portal\/wp-content\/uploads\/INF03-sollicitud.pdf\">Sol\u00b7licitud d&#8217;informe d&#8217;integraci\u00f3 social (INF03)<\/a><\/p>\n<p>&nbsp;<\/p>\n<p>Tamb\u00e9 podeu descarregar aquesta <a href=\"https:\/\/inclusioaltemporda.cat\/portal\/wp-content\/uploads\/Circuit-INF02-i-INF03.pdf\">guia de tramitaci\u00f3 per a la ciutadania<\/a>, on s&#8217;exposa gr\u00e0ficament el circu\u00eft de tramitaci\u00f3. Properament estar\u00e0 disponible en altres idiomes.<\/p>\n","protected":false},"excerpt":{"rendered":"<p>Tramitaci\u00f3 informes d&#8217;estrangeria &nbsp; En aquesta p\u00e0gina podeu trobar els formularis de sol\u00b7licitud dels informes d&#8217;arrelament i integraci\u00f3 social. Per tal de poder tramitar la sol\u00b7licitud, els heu de descarregar,&hellip;<\/p>\n","protected":false},"author":2,"featured_media":0,"parent":0,"menu_order":0,"comment_status":"closed","ping_status":"closed","template":"","meta":{"footnotes":""},"class_list":["post-8394","page","type-page","status-publish","hentry","description-off"],"_links":{"self":[{"href":"https:\/\/inclusioaltemporda.cat\/portal\/wp-json\/wp\/v2\/pages\/8394","targetHints":{"allow":["GET"]}}],"collection":[{"href":"https:\/\/inclusioaltemporda.cat\/portal\/wp-json\/wp\/v2\/pages"}],"about":[{"href":"https:\/\/inclusioaltemporda.cat\/portal\/wp-json\/wp\/v2\/types\/page"}],"author":[{"embeddable":true,"href":"https:\/\/inclusioaltemporda.cat\/portal\/wp-json\/wp\/v2\/users\/2"}],"replies":[{"embeddable":true,"href":"https:\/\/inclusioaltemporda.cat\/portal\/wp-json\/wp\/v2\/comments?post=8394"}],"version-history":[{"count":4,"href":"https:\/\/inclusioaltemporda.cat\/portal\/wp-json\/wp\/v2\/pages\/8394\/revisions"}],"predecessor-version":[{"id":8401,"href":"https:\/\/inclusioaltemporda.cat\/portal\/wp-json\/wp\/v2\/pages\/8394\/revisions\/8401"}],"wp:attachment":[{"href":"https:\/\/inclusioaltemporda.cat\/portal\/wp-json\/wp\/v2\/media?parent=8394"}],"curies":[{"name":"wp","href":"https:\/\/api.w.org\/{rel}","templated":true}]}}